{"id":86385,"date":"2014-02-24T12:35:36","date_gmt":"2014-02-24T16:35:36","guid":{"rendered":"http:\/\/casadecampoliving.com\/?page_id=86385"},"modified":"2022-10-21T17:46:43","modified_gmt":"2022-10-21T21:46:43","slug":"breve-historia-de-la-republica-dominicana","status":"publish","type":"page","link":"https:\/\/casadecampoliving.com\/es\/breve-historia-de-la-republica-dominicana\/","title":{"rendered":"Lucha por la libertad! Una breve historia de la Rep\u00fablica Dominicana"},"content":{"rendered":"<div class=\"wp-block-image\">\n<figure class=\"aligncenter is-resized\"><img loading=\"lazy\" decoding=\"async\" src=\"https:\/\/i0.wp.com\/casadecampoliving-wp.s3-accelerate.amazonaws.com\/2013\/02\/carnaval_dominicano7.jpg?resize=650%2C377&amp;ssl=1\" alt=\"carnaval dominicano\" class=\"wp-image-65998\" title=\"carnaval_dominicano\" height=\"377\" width=\"650\" srcset=\"https:\/\/i0.wp.com\/casadecampoliving.com\/wp-content\/uploads\/2013\/02\/carnaval_dominicano7.jpg?w=650&amp;ssl=1 650w, https:\/\/i0.wp.com\/casadecampoliving.com\/wp-content\/uploads\/2013\/02\/carnaval_dominicano7.jpg?resize=300%2C174&amp;ssl=1 300w, https:\/\/i0.wp.com\/casadecampoliving-wp.s3-accelerate.amazonaws.com\/2013\/02\/carnaval_dominicano7.jpg?w=370 370w, https:\/\/i0.wp.com\/casadecampoliving-wp.s3-accelerate.amazonaws.com\/2013\/02\/carnaval_dominicano7.jpg?w=400 400w\" sizes=\"auto, (max-width: 650px) 100vw, 650px\" \/><\/figure>\n<\/div>\n\n\n<p>Despu\u00e9s de que en 1492, gracias a las exploraciones de Crist\u00f3bal Col\u00f3n, se produjera el encuentro de m\u00faltiples culturas espa\u00f1olas, africanas y por supuesto de nuestros ta\u00ednos, durante el per\u00edodo de colonizaci\u00f3n espa\u00f1ola, la Rep\u00fablica Dominicana antes de ser libre e independiente de toda potencia extranjera fue sometida al mando de otras fuerzas en varias ocasiones.<\/p>\n\n\n\n<p>Debido al desinter\u00e9s de Espa\u00f1a frente a la aparici\u00f3n de nuevas riquezas en M\u00e9xico, entre otros pa\u00edses, pronto se produjo una invasi\u00f3n francesa y revoluci\u00f3n haitiana que cambi\u00f3 el rumbo de nuestra historia. &nbsp;Tras la conciliaci\u00f3n entre esclavos y franceses, los espa\u00f1oles fueron derrotados por las fuerzas del general Toussaint Louverture, por lo que en 1795, Francia obtuvo el control de toda la isla por medio de los Tratados de Basilea y posteriormente la abolici\u00f3n de la esclavitud en 1801 con la llegada de Toussaint Louverture a Santo Domingo, en nombre de la Rep\u00fablica Francesa.<\/p>\n\n\n\n<p>Pero luego de que la fuerza francesa regresara a su posici\u00f3n naval en Francia, los haitianos realizaron la invasi\u00f3n al pa\u00eds por Santiago y Moca,causando muerte y &nbsp;sometiendo a los habitantes del territorio a no hablar en castellano, renunciar a sus costumbres y culturas, con la intenci\u00f3n de que adoptaran las suyas.&nbsp;Dada la situaci\u00f3n, es en 1838 cuando Juan Pablo Duarte, oriundo de Santo Domingo, fund\u00f3 una sociedad secreta llamada La Trinitaria para terminar con el yugo haitiano con el apoyo de sus compa\u00f1eros, Mat\u00edas Ram\u00f3n Mella y Francisco del Rosario S\u00e1nchez.<\/p>\n\n\n\n<p>En 1843 se aliaron con un movimiento haitiano para derrocar a Boyer (l\u00edder franc\u00e9s).&nbsp;Debido a sus pensamientos revolucionarios y lucha por la independencia dominicana, el nuevo presidente de Hait\u00ed, Charles Riviere-H\u00e9rard, exili\u00f3 y encarcel\u00f3 en Puerto Pr\u00edncipe a los principales trinitarios. Luego de que este se viera bien asustado, tras la rebeli\u00f3n y ataque de su gente, Charles se vio en la necesidad de liberar a Mella (por sus conocimientos y estrategias militares) y al resto de los Trinitarios, para encontrar respaldo.<\/p>\n\n\n\n<p>Al mismo tiempo, Buenaventura B\u00e1ez, un exportador de caoba azuano y diputado en la Asamblea Nacional de Hait\u00ed, estaba negociando con el Consulado General de Francia para el establecimiento de un protectorado franc\u00e9s, pero en una oportuna insurrecci\u00f3n para adelantarse a B\u00e1ez, el 27 de febrero de 1844, los Trinitarios declararon su independencia de Hait\u00ed con el trabucazo realizado pro Mella en la puerta del Conde, las constantes proclamaciones de \u201cDios, Patria y Libertad\u201d y el momento clave en el que S\u00e1nchez iz\u00f3 la bandera dominicana por primera vez! &nbsp;Estos contaron con el apoyo de Pedro Santana, un rico ganadero de El Seibo quien comand\u00f3 un ej\u00e9rcito privado de peones que trabajaban en sus tierras.<\/p>\n\n\n\n<p>A\u00fan cuando Hait\u00ed intent\u00f3 invadir de nuevo a la Rep\u00fablica Dominicana en varias ocasiones, \u00e9sta mantuvo su Independencia, al menos por los siguientes 17 a\u00f1os, gracias a la brillante idea de Pedro Santana, de anexar el pa\u00eds a Espa\u00f1a OTRA VEZ! \u2013 pero esa es una historia distinta! Pronto publicaremos m\u00e1s sobre esto!<\/p>\n\n\n\n<blockquote><p style=\"text-align: center;\"><strong><span style=\"text-decoration: underline;\">La Trinitaria<\/span><br>\n<\/strong><\/p><figure><img decoding=\"async\" loading=\"lazy\" class=\"aligncenter\" title=\"independencia_republica_dominicana\" alt=\"independencia republica dominicana\" src=\"https:\/\/i0.wp.com\/casadecampoliving-wp.s3-accelerate.amazonaws.com\/2012\/01\/independencia_republica_dominicana1.jpg?resize=500%2C380&amp;ssl=1\" width=\"500\" height=\"380\"><\/figure><p style=\"text-align: center;\">Francisco del Rosario S\u00e1nchez,&nbsp;Juan Pablo Duarte and&nbsp;Mat\u00edas Ram\u00f3n Mella<br>\n<\/p><p><strong>Juan Pablo Duarte<\/strong><\/p><p>Su nacimiento es conmemorado en la Rep\u00fablica Dominicana por ser uno de los Padres de la Patria. Hijo de Juan Jos\u00e9 Duarte Rodr\u00edguez y Manuela Diez Jim\u00e9nez, nacido en Santo Domino el 26 de enero de 1813, creci\u00f3 con una firme convicci\u00f3n y pensamiento de libertad. Su profundo amor por su Patria, le llev\u00f3 a fundar la sociedad secreta, La Trinitaria, con la que ideo y lider\u00f3 estrategias para terminar con la ocupaci\u00f3n haitiana y luchar por la Independencia de nuestra Rep\u00fablica Dominicana.<\/p><p>Cada a\u00f1o, los actos de celebraci\u00f3n de su natalicio incluyen una misa en la Iglesia Santa B\u00e1rbara, en la Zona Colonial, lugar en el que fue bautizado el Padre de la Patria y visitas de los dominicanos a la&nbsp;casa de Duarte en la zona colonial, donde naci\u00f3 el patricio, convertida desde 1967 en museo.<\/p><p><strong>Mat\u00edas Ram\u00f3n Mella<\/strong><\/p><p>Nacido el 25 de febrero de 1810 en Santo Domingo, &nbsp;Mat\u00edas Ram\u00f3n Mella fue pol\u00edtico, militar y miembro de la sociedad secreta La Trinitaria que traz\u00f3 las estrategias de batalla para proclamar la Independencia de la Rep\u00fablica. Se le recuerda como aquel que dispar\u00f3 el trabucazo en la Puerta de la Misericordia en la noche del 27 de febrero de 1844 \u2013 &nbsp;la delcaraci\u00f3n oficial de la Guerra de Independencia de la represi\u00f3n Haitiana.<\/p><p><strong>Francisco del Rosario S\u00e1nchez<\/strong><\/p><p>Nacido el 9 de marzo de 1817 en Santo Domingo, se le recuerda tambi\u00e9n por pertenecer a la sociedad secreta La Trinitaria y se le conoce como uno de los Padres de la Patria por ser quien sustituy\u00f3 a Duarte, quien se exili\u00f3 por temor a ser encarcelado y tambi\u00e9n por ser el responsable de izar la bandera dominicana por primera vez &nbsp;en la noche del 27 de febrero de 1844, vociferando\u201dDios, Patria y Libertad\u201d!<\/p><\/blockquote>\n","protected":false},"excerpt":{"rendered":"<p>Despu\u00e9s de que en 1492, gracias a las exploraciones de Crist\u00f3bal Col\u00f3n, se produjera el encuentro de m\u00faltiples culturas espa\u00f1olas, africanas y por supuesto de nuestros ta\u00ednos, durante el per\u00edodo de colonizaci\u00f3n espa\u00f1ola, la Rep\u00fablica Dominicana antes de ser libre e independiente de toda potencia extranjera fue sometida al mando de otras fuerzas en varias [&hellip;]<\/p>\n","protected":false},"author":31,"featured_media":65998,"parent":0,"menu_order":0,"comment_status":"closed","ping_status":"closed","template":"","meta":{"newspack_ads_suppress_ads":false,"newspack_popups_has_disabled_popups":false,"newspack_sponsor_sponsorship_scope":"","newspack_sponsor_native_byline_display":"inherit","newspack_sponsor_native_category_display":"inherit","newspack_sponsor_underwriter_style":"inherit","newspack_sponsor_underwriter_placement":"inherit","newspack_content_restriction_is_exempt":false,"newspack_featured_image_position":"","newspack_hide_page_title":false,"newspack_show_share_buttons":false,"footnotes":""},"newspack_spnsrs_tax":[],"class_list":["post-86385","page","type-page","status-publish","has-post-thumbnail","hentry","entry"],"yoast_head":"<!-- This site is optimized with the Yoast SEO plugin v27.5 - https:\/\/yoast.com\/product\/yoast-seo-wordpress\/ -->\n<title>Lucha por la libertad! Una breve historia de la Rep\u00fablica Dominicana | Casa de Campo Living<\/title>\n<meta name=\"description\" content=\"Despu\u00e9s de que en 1492, gracias a las exploraciones de Crist\u00f3bal Col\u00f3n, se produjera el encuentro de m\u00faltiples culturas espa\u00f1olas, africanas y por\" \/>\n<meta name=\"robots\" content=\"index, follow, max-snippet:-1, max-image-preview:large, max-video-preview:-1\" \/>\n<link rel=\"canonical\" href=\"https:\/\/casadecampoliving.com\/es\/breve-historia-de-la-republica-dominicana\/\" \/>\n<meta property=\"og:locale\" content=\"es_ES\" \/>\n<meta property=\"og:type\" content=\"article\" \/>\n<meta property=\"og:title\" content=\"Lucha por la libertad! Una breve historia de la Rep\u00fablica Dominicana | Casa de Campo Living\" \/>\n<meta property=\"og:description\" content=\"Despu\u00e9s de que en 1492, gracias a las exploraciones de Crist\u00f3bal Col\u00f3n, se produjera el encuentro de m\u00faltiples culturas espa\u00f1olas, africanas y por\" \/>\n<meta property=\"og:url\" content=\"https:\/\/casadecampoliving.com\/es\/breve-historia-de-la-republica-dominicana\/\" \/>\n<meta property=\"og:site_name\" content=\"Casa de Campo Living\" \/>\n<meta property=\"article:publisher\" content=\"https:\/\/www.facebook.com\/casadecampoliving\" \/>\n<meta property=\"article:modified_time\" content=\"2022-10-21T21:46:43+00:00\" \/>\n<meta property=\"og:image\" content=\"https:\/\/i0.wp.com\/casadecampoliving.com\/wp-content\/uploads\/2013\/02\/carnaval_dominicano7.jpg?fit=650%2C377&ssl=1\" \/>\n\t<meta property=\"og:image:width\" content=\"650\" \/>\n\t<meta property=\"og:image:height\" content=\"377\" \/>\n\t<meta property=\"og:image:type\" content=\"image\/jpeg\" \/>\n<meta name=\"twitter:card\" content=\"summary_large_image\" \/>\n<meta name=\"twitter:site\" content=\"@cdcliving\" \/>\n<meta name=\"twitter:label1\" content=\"Tiempo de lectura\" \/>\n\t<meta name=\"twitter:data1\" content=\"4 minutos\" \/>\n<script type=\"application\/ld+json\" class=\"yoast-schema-graph\">{\"@context\":\"https:\\\/\\\/schema.org\",\"@graph\":[{\"@type\":\"WebPage\",\"@id\":\"https:\\\/\\\/casadecampoliving.com\\\/es\\\/breve-historia-de-la-republica-dominicana\\\/\",\"url\":\"https:\\\/\\\/casadecampoliving.com\\\/es\\\/breve-historia-de-la-republica-dominicana\\\/\",\"name\":\"Lucha por la libertad! Una breve historia de la Rep\u00fablica Dominicana | Casa de Campo Living\",\"isPartOf\":{\"@id\":\"https:\\\/\\\/casadecampoliving.com\\\/es\\\/#website\"},\"primaryImageOfPage\":{\"@id\":\"https:\\\/\\\/casadecampoliving.com\\\/es\\\/breve-historia-de-la-republica-dominicana\\\/#primaryimage\"},\"image\":{\"@id\":\"https:\\\/\\\/casadecampoliving.com\\\/es\\\/breve-historia-de-la-republica-dominicana\\\/#primaryimage\"},\"thumbnailUrl\":\"https:\\\/\\\/i0.wp.com\\\/casadecampoliving.com\\\/wp-content\\\/uploads\\\/2013\\\/02\\\/carnaval_dominicano7.jpg?fit=650%2C377&ssl=1\",\"datePublished\":\"2014-02-24T16:35:36+00:00\",\"dateModified\":\"2022-10-21T21:46:43+00:00\",\"description\":\"Despu\u00e9s de que en 1492, gracias a las exploraciones de Crist\u00f3bal Col\u00f3n, se produjera el encuentro de m\u00faltiples culturas espa\u00f1olas, africanas y por\",\"breadcrumb\":{\"@id\":\"https:\\\/\\\/casadecampoliving.com\\\/es\\\/breve-historia-de-la-republica-dominicana\\\/#breadcrumb\"},\"inLanguage\":\"es\",\"potentialAction\":[{\"@type\":\"ReadAction\",\"target\":[\"https:\\\/\\\/casadecampoliving.com\\\/es\\\/breve-historia-de-la-republica-dominicana\\\/\"]}]},{\"@type\":\"ImageObject\",\"inLanguage\":\"es\",\"@id\":\"https:\\\/\\\/casadecampoliving.com\\\/es\\\/breve-historia-de-la-republica-dominicana\\\/#primaryimage\",\"url\":\"https:\\\/\\\/i0.wp.com\\\/casadecampoliving.com\\\/wp-content\\\/uploads\\\/2013\\\/02\\\/carnaval_dominicano7.jpg?fit=650%2C377&ssl=1\",\"contentUrl\":\"https:\\\/\\\/i0.wp.com\\\/casadecampoliving.com\\\/wp-content\\\/uploads\\\/2013\\\/02\\\/carnaval_dominicano7.jpg?fit=650%2C377&ssl=1\",\"width\":\"650\",\"height\":\"377\",\"caption\":\"carnaval dominicano\"},{\"@type\":\"BreadcrumbList\",\"@id\":\"https:\\\/\\\/casadecampoliving.com\\\/es\\\/breve-historia-de-la-republica-dominicana\\\/#breadcrumb\",\"itemListElement\":[{\"@type\":\"ListItem\",\"position\":1,\"name\":\"Home\",\"item\":\"https:\\\/\\\/casadecampoliving.com\\\/es\\\/\"},{\"@type\":\"ListItem\",\"position\":2,\"name\":\"Lucha por la libertad! Una breve historia de la Rep\u00fablica Dominicana\"}]},{\"@type\":\"WebSite\",\"@id\":\"https:\\\/\\\/casadecampoliving.com\\\/es\\\/#website\",\"url\":\"https:\\\/\\\/casadecampoliving.com\\\/es\\\/\",\"name\":\"Casa de Campo Living\",\"description\":\"Resort community news and resources.\",\"publisher\":{\"@id\":\"https:\\\/\\\/casadecampoliving.com\\\/es\\\/#organization\"},\"potentialAction\":[{\"@type\":\"SearchAction\",\"target\":{\"@type\":\"EntryPoint\",\"urlTemplate\":\"https:\\\/\\\/casadecampoliving.com\\\/es\\\/?s={search_term_string}\"},\"query-input\":{\"@type\":\"PropertyValueSpecification\",\"valueRequired\":true,\"valueName\":\"search_term_string\"}}],\"inLanguage\":\"es\"},{\"@type\":\"Organization\",\"@id\":\"https:\\\/\\\/casadecampoliving.com\\\/es\\\/#organization\",\"name\":\"Casa de Campo Living\",\"url\":\"https:\\\/\\\/casadecampoliving.com\\\/es\\\/\",\"logo\":{\"@type\":\"ImageObject\",\"inLanguage\":\"es\",\"@id\":\"https:\\\/\\\/casadecampoliving.com\\\/es\\\/#\\\/schema\\\/logo\\\/image\\\/\",\"url\":\"https:\\\/\\\/i0.wp.com\\\/casadecampoliving.com\\\/wp-content\\\/uploads\\\/2022\\\/07\\\/CDCLivingLogo_V1-white-sized.png?fit=800%2C214&ssl=1\",\"contentUrl\":\"https:\\\/\\\/i0.wp.com\\\/casadecampoliving.com\\\/wp-content\\\/uploads\\\/2022\\\/07\\\/CDCLivingLogo_V1-white-sized.png?fit=800%2C214&ssl=1\",\"width\":800,\"height\":214,\"caption\":\"Casa de Campo Living\"},\"image\":{\"@id\":\"https:\\\/\\\/casadecampoliving.com\\\/es\\\/#\\\/schema\\\/logo\\\/image\\\/\"},\"sameAs\":[\"https:\\\/\\\/www.facebook.com\\\/casadecampoliving\",\"https:\\\/\\\/x.com\\\/cdcliving\"]}]}<\/script>\n<!-- \/ Yoast SEO plugin. -->","yoast_head_json":{"title":"Lucha por la libertad! Una breve historia de la Rep\u00fablica Dominicana | Casa de Campo Living","description":"Despu\u00e9s de que en 1492, gracias a las exploraciones de Crist\u00f3bal Col\u00f3n, se produjera el encuentro de m\u00faltiples culturas espa\u00f1olas, africanas y por","robots":{"index":"index","follow":"follow","max-snippet":"max-snippet:-1","max-image-preview":"max-image-preview:large","max-video-preview":"max-video-preview:-1"},"canonical":"https:\/\/casadecampoliving.com\/es\/breve-historia-de-la-republica-dominicana\/","og_locale":"es_ES","og_type":"article","og_title":"Lucha por la libertad! Una breve historia de la Rep\u00fablica Dominicana | Casa de Campo Living","og_description":"Despu\u00e9s de que en 1492, gracias a las exploraciones de Crist\u00f3bal Col\u00f3n, se produjera el encuentro de m\u00faltiples culturas espa\u00f1olas, africanas y por","og_url":"https:\/\/casadecampoliving.com\/es\/breve-historia-de-la-republica-dominicana\/","og_site_name":"Casa de Campo Living","article_publisher":"https:\/\/www.facebook.com\/casadecampoliving","article_modified_time":"2022-10-21T21:46:43+00:00","og_image":[{"width":650,"height":377,"url":"https:\/\/i0.wp.com\/casadecampoliving.com\/wp-content\/uploads\/2013\/02\/carnaval_dominicano7.jpg?fit=650%2C377&ssl=1","type":"image\/jpeg"}],"twitter_card":"summary_large_image","twitter_site":"@cdcliving","twitter_misc":{"Tiempo de lectura":"4 minutos"},"schema":{"@context":"https:\/\/schema.org","@graph":[{"@type":"WebPage","@id":"https:\/\/casadecampoliving.com\/es\/breve-historia-de-la-republica-dominicana\/","url":"https:\/\/casadecampoliving.com\/es\/breve-historia-de-la-republica-dominicana\/","name":"Lucha por la libertad! Una breve historia de la Rep\u00fablica Dominicana | Casa de Campo Living","isPartOf":{"@id":"https:\/\/casadecampoliving.com\/es\/#website"},"primaryImageOfPage":{"@id":"https:\/\/casadecampoliving.com\/es\/breve-historia-de-la-republica-dominicana\/#primaryimage"},"image":{"@id":"https:\/\/casadecampoliving.com\/es\/breve-historia-de-la-republica-dominicana\/#primaryimage"},"thumbnailUrl":"https:\/\/i0.wp.com\/casadecampoliving.com\/wp-content\/uploads\/2013\/02\/carnaval_dominicano7.jpg?fit=650%2C377&ssl=1","datePublished":"2014-02-24T16:35:36+00:00","dateModified":"2022-10-21T21:46:43+00:00","description":"Despu\u00e9s de que en 1492, gracias a las exploraciones de Crist\u00f3bal Col\u00f3n, se produjera el encuentro de m\u00faltiples culturas espa\u00f1olas, africanas y por","breadcrumb":{"@id":"https:\/\/casadecampoliving.com\/es\/breve-historia-de-la-republica-dominicana\/#breadcrumb"},"inLanguage":"es","potentialAction":[{"@type":"ReadAction","target":["https:\/\/casadecampoliving.com\/es\/breve-historia-de-la-republica-dominicana\/"]}]},{"@type":"ImageObject","inLanguage":"es","@id":"https:\/\/casadecampoliving.com\/es\/breve-historia-de-la-republica-dominicana\/#primaryimage","url":"https:\/\/i0.wp.com\/casadecampoliving.com\/wp-content\/uploads\/2013\/02\/carnaval_dominicano7.jpg?fit=650%2C377&ssl=1","contentUrl":"https:\/\/i0.wp.com\/casadecampoliving.com\/wp-content\/uploads\/2013\/02\/carnaval_dominicano7.jpg?fit=650%2C377&ssl=1","width":"650","height":"377","caption":"carnaval dominicano"},{"@type":"BreadcrumbList","@id":"https:\/\/casadecampoliving.com\/es\/breve-historia-de-la-republica-dominicana\/#breadcrumb","itemListElement":[{"@type":"ListItem","position":1,"name":"Home","item":"https:\/\/casadecampoliving.com\/es\/"},{"@type":"ListItem","position":2,"name":"Lucha por la libertad! Una breve historia de la Rep\u00fablica Dominicana"}]},{"@type":"WebSite","@id":"https:\/\/casadecampoliving.com\/es\/#website","url":"https:\/\/casadecampoliving.com\/es\/","name":"Casa de Campo Living","description":"Resort community news and resources.","publisher":{"@id":"https:\/\/casadecampoliving.com\/es\/#organization"},"potentialAction":[{"@type":"SearchAction","target":{"@type":"EntryPoint","urlTemplate":"https:\/\/casadecampoliving.com\/es\/?s={search_term_string}"},"query-input":{"@type":"PropertyValueSpecification","valueRequired":true,"valueName":"search_term_string"}}],"inLanguage":"es"},{"@type":"Organization","@id":"https:\/\/casadecampoliving.com\/es\/#organization","name":"Casa de Campo Living","url":"https:\/\/casadecampoliving.com\/es\/","logo":{"@type":"ImageObject","inLanguage":"es","@id":"https:\/\/casadecampoliving.com\/es\/#\/schema\/logo\/image\/","url":"https:\/\/i0.wp.com\/casadecampoliving.com\/wp-content\/uploads\/2022\/07\/CDCLivingLogo_V1-white-sized.png?fit=800%2C214&ssl=1","contentUrl":"https:\/\/i0.wp.com\/casadecampoliving.com\/wp-content\/uploads\/2022\/07\/CDCLivingLogo_V1-white-sized.png?fit=800%2C214&ssl=1","width":800,"height":214,"caption":"Casa de Campo Living"},"image":{"@id":"https:\/\/casadecampoliving.com\/es\/#\/schema\/logo\/image\/"},"sameAs":["https:\/\/www.facebook.com\/casadecampoliving","https:\/\/x.com\/cdcliving"]}]}},"parsely":{"version":"1.1.0","canonical_url":"https:\/\/casadecampoliving.com\/es\/breve-historia-de-la-republica-dominicana\/","smart_links":{"inbound":0,"outbound":0},"traffic_boost_suggestions_count":0,"meta":{"@context":"https:\/\/schema.org","@type":"WebPage","headline":"Lucha por la libertad! Una breve historia de la Rep\u00fablica Dominicana","url":"http:\/\/casadecampoliving.com\/es\/breve-historia-de-la-republica-dominicana\/","mainEntityOfPage":{"@type":"WebPage","@id":"http:\/\/casadecampoliving.com\/es\/breve-historia-de-la-republica-dominicana\/"},"thumbnailUrl":"https:\/\/i0.wp.com\/casadecampoliving.com\/wp-content\/uploads\/2013\/02\/carnaval_dominicano7.jpg?resize=150%2C150&ssl=1","image":{"@type":"ImageObject","url":"https:\/\/i0.wp.com\/casadecampoliving.com\/wp-content\/uploads\/2013\/02\/carnaval_dominicano7.jpg?fit=650%2C377&ssl=1"},"articleSection":"Uncategorized @es","author":[{"@type":"Person","name":"Rebecca Silvestri"}],"creator":["Rebecca Silvestri"],"publisher":{"@type":"Organization","name":"Casa de Campo Living","logo":"https:\/\/casadecampoliving.com\/wp-content\/uploads\/2022\/07\/CDCLivingLogo_V1-white-sized.png"},"keywords":[],"dateCreated":"2014-02-24T16:35:36Z","datePublished":"2014-02-24T16:35:36Z","dateModified":"2022-10-21T21:46:43Z"},"rendered":"<script type=\"application\/ld+json\" class=\"wp-parsely-metadata\">{\"@context\":\"https:\\\/\\\/schema.org\",\"@type\":\"WebPage\",\"headline\":\"Lucha por la libertad! Una breve historia de la Rep\\u00fablica Dominicana\",\"url\":\"http:\\\/\\\/casadecampoliving.com\\\/es\\\/breve-historia-de-la-republica-dominicana\\\/\",\"mainEntityOfPage\":{\"@type\":\"WebPage\",\"@id\":\"http:\\\/\\\/casadecampoliving.com\\\/es\\\/breve-historia-de-la-republica-dominicana\\\/\"},\"thumbnailUrl\":\"https:\\\/\\\/i0.wp.com\\\/casadecampoliving.com\\\/wp-content\\\/uploads\\\/2013\\\/02\\\/carnaval_dominicano7.jpg?resize=150%2C150&ssl=1\",\"image\":{\"@type\":\"ImageObject\",\"url\":\"https:\\\/\\\/i0.wp.com\\\/casadecampoliving.com\\\/wp-content\\\/uploads\\\/2013\\\/02\\\/carnaval_dominicano7.jpg?fit=650%2C377&ssl=1\"},\"articleSection\":\"Uncategorized @es\",\"author\":[{\"@type\":\"Person\",\"name\":\"Rebecca Silvestri\"}],\"creator\":[\"Rebecca Silvestri\"],\"publisher\":{\"@type\":\"Organization\",\"name\":\"Casa de Campo Living\",\"logo\":\"https:\\\/\\\/casadecampoliving.com\\\/wp-content\\\/uploads\\\/2022\\\/07\\\/CDCLivingLogo_V1-white-sized.png\"},\"keywords\":[],\"dateCreated\":\"2014-02-24T16:35:36Z\",\"datePublished\":\"2014-02-24T16:35:36Z\",\"dateModified\":\"2022-10-21T21:46:43Z\"}<\/script>","tracker_url":"https:\/\/cdn.parsely.com\/keys\/casadecampoliving.com\/p.js"},"jetpack-related-posts":[{"id":80678,"url":"https:\/\/casadecampoliving.com\/es\/dias-feriados-2014\/","url_meta":{"origin":86385,"position":0},"title":"D\u00edas feriados de la Rep\u00fablica Dominicana 2014","author":"Rebecca Silvestri","date":"4 Nov, 2013","format":false,"excerpt":"Acomp\u00e1\u00f1enos en este recorrido de la historia y cultura dominicana\u2026 Cu\u00e1ntas veces nos hemos unido a las celebraciones dominicanas sin acordarnos (quiz\u00e1s) por qu\u00e9 las celebramos? De d\u00f3nde surgen? El dominicano, con una intensa mezcla de culturas, es por naturaleza, un excelente manifestante del esp\u00edritu festivo. Es por esta raz\u00f3n\u2026","rel":"","context":"Entrada similar","block_context":{"text":"Entrada similar","link":""},"img":{"alt_text":"Dominican Holidays","src":"https:\/\/i0.wp.com\/casadecampoliving.com\/wp-content\/uploads\/2013\/01\/dominican_holidays.jpg?fit=650%2C452&ssl=1&resize=350%2C200","width":350,"height":200,"srcset":"https:\/\/i0.wp.com\/casadecampoliving.com\/wp-content\/uploads\/2013\/01\/dominican_holidays.jpg?fit=650%2C452&ssl=1&resize=350%2C200 1x, https:\/\/i0.wp.com\/casadecampoliving.com\/wp-content\/uploads\/2013\/01\/dominican_holidays.jpg?fit=650%2C452&ssl=1&resize=525%2C300 1.5x"},"classes":[]},{"id":67583,"url":"https:\/\/casadecampoliving.com\/es\/everett\/","url_meta":{"origin":86385,"position":1},"title":"Dise\u00f1os Everett, joyas atemporales en Casa de Campo","author":"Rebecca Silvestri","date":"1 Abr, 2013","format":false,"excerpt":"La joyer\u00eda Everett Desings \u00a0fue fundada por William y Rosemary Everett en 1979, y tiene m\u00e1s de 30 a\u00f1os de experiencia en la creaci\u00f3n de joyas para la comunidad y los visitantes de Casa de Campo. 30 a\u00f1os en los cuales Everett Designs ha crecido, desarrollado y adaptado a las\u2026","rel":"","context":"Entrada similar","block_context":{"text":"Entrada similar","link":""},"img":{"alt_text":"","src":"https:\/\/i0.wp.com\/casadecampoliving.com\/wp-content\/uploads\/2013\/04\/EVERET-1.jpg?fit=600%2C200&ssl=1&resize=350%2C200","width":350,"height":200,"srcset":"https:\/\/i0.wp.com\/casadecampoliving.com\/wp-content\/uploads\/2013\/04\/EVERET-1.jpg?fit=600%2C200&ssl=1&resize=350%2C200 1x, https:\/\/i0.wp.com\/casadecampoliving.com\/wp-content\/uploads\/2013\/04\/EVERET-1.jpg?fit=600%2C200&ssl=1&resize=525%2C300 1.5x"},"classes":[]},{"id":61687,"url":"https:\/\/casadecampoliving.com\/es\/jornada-navidena\/","url_meta":{"origin":86385,"position":2},"title":"\u00abJornada Creativa Navide\u00f1a\u00bb tallers para ni\u00f1os en el Museo Arqueol\u00f3gico Regional de Altos de Chav\u00f3n: dic. 27 y 29!","author":"Rebecca Silvestri","date":"6 Dic, 2012","format":false,"excerpt":"El Museo Arqueol\u00f3gico Regional en Altos de Chav\u00f3n contiene m\u00e1s de 3,000 artefactos precolombinos y ta\u00ednos \u2013 un gran lugar para aprender sobre el patrimonio \u00fanico de la Rep\u00fablica Dominicana \u2013 y en estas fechas los m\u00e1s peque\u00f1os de Casa de Campo pueden aprender y divertirse en un taller especial\u2026","rel":"","context":"Entrada similar","block_context":{"text":"Entrada similar","link":""},"img":{"alt_text":"altos de chavon museum","src":"https:\/\/i0.wp.com\/casadecampoliving.com\/wp-content\/uploads\/2012\/12\/altos_de_chavon_museum.jpg?fit=650%2C453&ssl=1&resize=350%2C200","width":350,"height":200,"srcset":"https:\/\/i0.wp.com\/casadecampoliving.com\/wp-content\/uploads\/2012\/12\/altos_de_chavon_museum.jpg?fit=650%2C453&ssl=1&resize=350%2C200 1x, https:\/\/i0.wp.com\/casadecampoliving.com\/wp-content\/uploads\/2012\/12\/altos_de_chavon_museum.jpg?fit=650%2C453&ssl=1&resize=525%2C300 1.5x"},"classes":[]},{"id":59498,"url":"https:\/\/casadecampoliving.com\/es\/rio-chavon\/","url_meta":{"origin":86385,"position":3},"title":"El R\u00edo Chav\u00f3n","author":"Rebecca Silvestri","date":"18 Oct, 2012","format":false,"excerpt":"El magn\u00edfico R\u00edo Chav\u00f3n forma una frontera natural al Este del Resort Casa de Campo, mientras corre hacia el Sur cruzando debajo del campo de golf Dye Fore y Altos de Chav\u00f3n, antes de desembocar en el mar Caribe al lado de la Marina Casa de Campo. El r\u00edo de\u2026","rel":"","context":"Entrada similar","block_context":{"text":"Entrada similar","link":""},"img":{"alt_text":"rio chavon","src":"https:\/\/i0.wp.com\/casadecampoliving.com\/wp-content\/uploads\/2012\/10\/rio_chavon2.jpg?fit=650%2C488&ssl=1&resize=350%2C200","width":350,"height":200,"srcset":"https:\/\/i0.wp.com\/casadecampoliving.com\/wp-content\/uploads\/2012\/10\/rio_chavon2.jpg?fit=650%2C488&ssl=1&resize=350%2C200 1x, https:\/\/i0.wp.com\/casadecampoliving.com\/wp-content\/uploads\/2012\/10\/rio_chavon2.jpg?fit=650%2C488&ssl=1&resize=525%2C300 1.5x"},"classes":[]},{"id":69942,"url":"https:\/\/casadecampoliving.com\/es\/festival-de-primavera\/","url_meta":{"origin":86385,"position":4},"title":"Festival de Primavera: Mayo 23 &#8211; 26","author":"Rebecca Silvestri","date":"9 May, 2013","format":false,"excerpt":"Del 23 al 26 de mayo de 2013, Altos de Chav\u00f3n cobrar\u00e1 vida con una celebraci\u00f3n m\u00e1gica, el \u201cFestival de Primavera 2013\u201d, una melod\u00eda maravillosa del teatro dominicano, la m\u00fasica y la danza como una actuaci\u00f3n de la Orquesta Sinf\u00f3nica Nacional dirigida por el gran Maestro Jos\u00e9 Antonio Molina. El\u2026","rel":"","context":"Entrada similar","block_context":{"text":"Entrada similar","link":""},"img":{"alt_text":"festival primavera","src":"https:\/\/i0.wp.com\/casadecampoliving.com\/wp-content\/uploads\/2013\/04\/festival_primavera.jpg?fit=715%2C320&ssl=1&resize=350%2C200","width":350,"height":200,"srcset":"https:\/\/i0.wp.com\/casadecampoliving.com\/wp-content\/uploads\/2013\/04\/festival_primavera.jpg?fit=715%2C320&ssl=1&resize=350%2C200 1x, https:\/\/i0.wp.com\/casadecampoliving.com\/wp-content\/uploads\/2013\/04\/festival_primavera.jpg?fit=715%2C320&ssl=1&resize=525%2C300 1.5x, https:\/\/i0.wp.com\/casadecampoliving.com\/wp-content\/uploads\/2013\/04\/festival_primavera.jpg?fit=715%2C320&ssl=1&resize=700%2C400 2x"},"classes":[]},{"id":59495,"url":"https:\/\/casadecampoliving.com\/turtles\/","url_meta":{"origin":86385,"position":5},"title":"Tortugas marinas","author":"Rebecca Silvestri","date":"18 Oct, 2012","format":false,"excerpt":"Numerosas especies de tortugas marinas han sido encontradas en la Rep\u00fablica Dominicana \u2013 tales como las tortugas Carey, al igual que las verdes y el tinglar. La isla Saona en el Parque Nacional del Este (muy cerca de Casa de Campo) es el \u00e1rea m\u00e1s importante para la puesta de\u2026","rel":"","context":"Entrada similar","block_context":{"text":"Entrada similar","link":""},"img":{"alt_text":"hawksbill turtle","src":"https:\/\/i0.wp.com\/casadecampoliving.com\/wp-content\/uploads\/2012\/10\/hawksbill_turtle.jpg?resize=350%2C200&ssl=1","width":350,"height":200,"srcset":"https:\/\/i0.wp.com\/casadecampoliving.com\/wp-content\/uploads\/2012\/10\/hawksbill_turtle.jpg?resize=350%2C200&ssl=1 1x, https:\/\/i0.wp.com\/casadecampoliving.com\/wp-content\/uploads\/2012\/10\/hawksbill_turtle.jpg?resize=525%2C300&ssl=1 1.5x"},"classes":[]}],"jetpack_sharing_enabled":true,"_links":{"self":[{"href":"https:\/\/casadecampoliving.com\/es\/wp-json\/wp\/v2\/pages\/86385","targetHints":{"allow":["GET"]}}],"collection":[{"href":"https:\/\/casadecampoliving.com\/es\/wp-json\/wp\/v2\/pages"}],"about":[{"href":"https:\/\/casadecampoliving.com\/es\/wp-json\/wp\/v2\/types\/page"}],"author":[{"embeddable":true,"href":"https:\/\/casadecampoliving.com\/es\/wp-json\/wp\/v2\/users\/31"}],"replies":[{"embeddable":true,"href":"https:\/\/casadecampoliving.com\/es\/wp-json\/wp\/v2\/comments?post=86385"}],"version-history":[{"count":0,"href":"https:\/\/casadecampoliving.com\/es\/wp-json\/wp\/v2\/pages\/86385\/revisions"}],"wp:featuredmedia":[{"embeddable":true,"href":"https:\/\/casadecampoliving.com\/es\/wp-json\/wp\/v2\/media\/65998"}],"wp:attachment":[{"href":"https:\/\/casadecampoliving.com\/es\/wp-json\/wp\/v2\/media?parent=86385"}],"wp:term":[{"taxonomy":"newspack_spnsrs_tax","embeddable":true,"href":"https:\/\/casadecampoliving.com\/es\/wp-json\/wp\/v2\/newspack_spnsrs_tax?post=86385"}],"curies":[{"name":"wp","href":"https:\/\/api.w.org\/{rel}","templated":true}]}}