{"id":82557,"date":"2013-12-07T18:02:34","date_gmt":"2013-12-07T22:02:34","guid":{"rendered":"http:\/\/casadecampoliving.com\/?page_id=82557"},"modified":"2022-10-21T17:45:53","modified_gmt":"2022-10-21T21:45:53","slug":"epoca-navidena-altos-de-chavon","status":"publish","type":"page","link":"https:\/\/casadecampoliving.com\/es\/epoca-navidena-altos-de-chavon\/","title":{"rendered":"Inauguraci\u00f3n de la \u00e9poca navide\u00f1a &#8211; dic. 13"},"content":{"rendered":"<div class=\"wp-block-image\">\n<figure class=\"aligncenter is-resized\"><img loading=\"lazy\" decoding=\"async\" src=\"https:\/\/i0.wp.com\/casadecampoliving-wp.s3-accelerate.amazonaws.com\/2013\/12\/holidays_altos_de_chavon.jpg?resize=650%2C455&amp;ssl=1\" alt=\"Holidays Altos de Chavon\" class=\"wp-image-82466\" height=\"455\" width=\"650\" srcset=\"https:\/\/i0.wp.com\/casadecampoliving.com\/wp-content\/uploads\/2013\/12\/holidays_altos_de_chavon.jpg?w=650&amp;ssl=1 650w, https:\/\/i0.wp.com\/casadecampoliving.com\/wp-content\/uploads\/2013\/12\/holidays_altos_de_chavon.jpg?resize=300%2C210&amp;ssl=1 300w, https:\/\/i0.wp.com\/casadecampoliving-wp.s3-accelerate.amazonaws.com\/2013\/12\/holidays_altos_de_chavon.jpg?w=370 370w, https:\/\/i0.wp.com\/casadecampoliving-wp.s3-accelerate.amazonaws.com\/2013\/12\/holidays_altos_de_chavon.jpg?w=400 400w\" sizes=\"auto, (max-width: 650px) 100vw, 650px\" \/><\/figure>\n<\/div>\n\n\n<p>Este viernes 13 de diciembre, marcar\u00e1 el inicio oficial de la temporada navide\u00f1a en Casa de Campo, una ocasi\u00f3n la cual ser\u00e1 celebrada en Altos de Chav\u00f3n con la primera aparici\u00f3n de Santa Claus, la ceremonia de encendida del \u00e1rbol navide\u00f1o y hasta un concierto.<\/p>\n\n\n<div class=\"wp-block-image\">\n<figure class=\"alignright is-resized\"><img loading=\"lazy\" decoding=\"async\" src=\"https:\/\/i0.wp.com\/casadecampoliving-wp.s3-accelerate.amazonaws.com\/2013\/12\/santa_claus.jpg?resize=300%2C325&amp;ssl=1\" alt=\"Santa Claus\" class=\"wp-image-82469\" height=\"325\" width=\"300\" srcset=\"https:\/\/i0.wp.com\/casadecampoliving.com\/wp-content\/uploads\/2013\/12\/santa_claus.jpg?w=300&amp;ssl=1 300w, https:\/\/i0.wp.com\/casadecampoliving.com\/wp-content\/uploads\/2013\/12\/santa_claus.jpg?resize=276%2C300&amp;ssl=1 276w, https:\/\/i0.wp.com\/casadecampoliving-wp.s3-accelerate.amazonaws.com\/2013\/12\/santa_claus.jpg?w=370 370w, https:\/\/i0.wp.com\/casadecampoliving-wp.s3-accelerate.amazonaws.com\/2013\/12\/santa_claus.jpg?w=400 400w\" sizes=\"auto, (max-width: 300px) 100vw, 300px\" \/><\/figure>\n<\/div>\n\n\n<p>La celebraci\u00f3n comenzar\u00e1 con la llegada de Santa y sus duendes navide\u00f1os a las 6pm, el cual estar\u00e1 en la Plaza de Chav\u00f3n posando para las fotos debajo del \u00e1rbol navide\u00f1o.<\/p>\n\n\n\n<p>A las 7:30pm la inauguraci\u00f3n oficial de la ceremonia se llevar\u00e1 a cabo, con la presencia del Presidente &amp; CEO de Casa de Campo,&nbsp;Claudio Silvestri. Esta gran ceremonia ser\u00e1 en la Plaza de Chav\u00f3n, todo esto en un escenario al frente de la Iglesia San Estanislao. Habr\u00e1n suficientes asientos, pero es la celebraci\u00f3n m\u00e1s esperada del a\u00f1o, \u00a1as\u00ed que traten de llegar temprano!<\/p>\n\n\n\n<p>En la inauguraci\u00f3n oficial de la ceremonia se ver\u00e1 como Altos de Chav\u00f3n se ilumina de belleza. Con luces alrededor de la iglesia, en la plaza y por supuesto en el \u00e1rbol de navidad, Altos de Chav\u00f3n se transformar\u00e1 totalmente y estamos ansiosos de ver ese m\u00e1gico momento tan esperado todo el a\u00f1o.<\/p>\n\n\n\n<p>Con las luces encendidas, la celebraci\u00f3n continua con el concierto <em>\u201cNavidad llega a Chav\u00f3n\u201d<\/em>. Con la Orquesta Dominicana del Maestro Andres Vidal y con la participaci\u00f3n especial de la Escuela Nacional de Danza (ENDANZA), con el auspicio del Ministro de Cultura de la Rep\u00fablica Dominicana.<\/p>\n\n\n\n<blockquote><h3><strong>Inauguraci\u00f3n de la \u00e9poca navide\u00f1a en Altos de Chav\u00f3n<\/strong><\/h3><figure><img decoding=\"async\" loading=\"lazy\" class=\"aligncenter size-full wp-image-61299\" title=\"christmas_altos_de_chavon\" alt=\"christmas altos de chavon\" src=\"https:\/\/i0.wp.com\/casadecampoliving-wp.s3-accelerate.amazonaws.com\/2012\/12\/christmas_altos_de_chavon2.jpg?resize=620%2C351&amp;ssl=1\" width=\"620\" height=\"351\" srcset=\"https:\/\/i0.wp.com\/casadecampoliving.com\/wp-content\/uploads\/2012\/12\/christmas_altos_de_chavon2.jpg?w=620&amp;ssl=1 620w, https:\/\/i0.wp.com\/casadecampoliving.com\/wp-content\/uploads\/2012\/12\/christmas_altos_de_chavon2.jpg?resize=300%2C169&amp;ssl=1 300w\" sizes=\"auto, (max-width: 620px) 100vw, 620px\"><\/figure><p><strong>Cuando:<\/strong>&nbsp;S\u00e1bado 13 de diciembre, 2013<\/p><ul>\n<li>6pm \u2013 8pm: Visita de Santa Claus<\/li>\n<li>7:30pm:&nbsp;Ceremonia de Encendido de Luces Navide\u00f1as<\/li>\n<li>8:30pm: Concierto Navide\u00f1o con la Orquesta dirigida por el Maestro Andres Vidal con La Escuela Nacional de Danza (ENDANZA).<\/li>\n<\/ul><p><strong>Donde:<\/strong>&nbsp;Plaza Principal de Altos de Chav\u00f3n<\/p><p><strong>Costo:<\/strong> Complementario<\/p><p><strong>Contacto:<\/strong>&nbsp;Casa de Campo Concierge, (809) 523-3165<\/p><\/blockquote>\n\n\n\n<p>Tambi\u00e9n ese mismo d\u00eda tendr\u00e1 lugar el famoso<a href=\"https:\/\/casadecampoliving.com\/es\/se-acerca-el-cafe-de-la-leche-navideno\/\"> Caf\u00e9 de La Leche<\/a>&nbsp;Navide\u00f1o&nbsp;organizado por Xiomara Men\u00e9ndez, esta fabulosa celebraci\u00f3n ser\u00e1 desde las 5pm hasta las 7pm, horario perfecto para disfrutar de la apertura de la \u00e9poca navide\u00f1a en Altos de Chav\u00f3n, <a href=\"https:\/\/casadecampoliving.com\/es\/se-acerca-el-cafe-de-la-leche-navideno\/\">\u00a1haga clic aqu\u00ed para m\u00e1s detalles!<\/a><\/p>\n\n\n\n<h3 class=\"wp-block-heading\">\u00a1\u00c9poca&nbsp;navide\u00f1a en Altos de Chav\u00f3n!<\/h3>\n\n\n\n<p>Las celebraciones festivas en Altos de Chav\u00f3n continuaran todo el mes de diciembre, en el cual se destaca la presentaci\u00f3n de ballet en el anfiteatro de &nbsp;Altos de Chav\u00f3n el 14 de diciembre, los presentes de Santa escondidos y la fiesta de Navidad para ni\u00f1os el 22 de diciembre, Los aguinaldos y la Misa de fin de a\u00f1o y mucho m\u00e1s\u2026 <a href=\"https:\/\/casadecampoliving.com\/es\/eventos-navidenos-altos-de-chavon\/\">Haga clic aqu\u00ed para leer m\u00e1s sobre la \u00e9poca navide\u00f1a en Altos de Chav\u00f3n<\/a> y para el calendario y horario completo de las actividades en Casa de Campo por favor visite: <a href=\"http:\/\/www.todocasadecampo.com\/en\">www.todo.fm<\/a><\/p>\n","protected":false},"excerpt":{"rendered":"<p>Este viernes 13 de diciembre, marcar\u00e1 el inicio oficial de la temporada navide\u00f1a en Casa de Campo, una ocasi\u00f3n la cual ser\u00e1 celebrada en Altos de Chav\u00f3n con la primera aparici\u00f3n de Santa Claus, la ceremonia de encendida del \u00e1rbol navide\u00f1o y hasta un concierto. La celebraci\u00f3n comenzar\u00e1 con la llegada de Santa y sus [&hellip;]<\/p>\n","protected":false},"author":31,"featured_media":82466,"parent":0,"menu_order":0,"comment_status":"closed","ping_status":"closed","template":"","meta":{"newspack_ads_suppress_ads":false,"newspack_popups_has_disabled_popups":false,"newspack_sponsor_sponsorship_scope":"","newspack_sponsor_native_byline_display":"inherit","newspack_sponsor_native_category_display":"inherit","newspack_sponsor_underwriter_style":"inherit","newspack_sponsor_underwriter_placement":"inherit","newspack_content_restriction_is_exempt":false,"newspack_featured_image_position":"","newspack_hide_page_title":false,"newspack_show_share_buttons":false,"footnotes":""},"newspack_spnsrs_tax":[],"class_list":["post-82557","page","type-page","status-publish","has-post-thumbnail","hentry","entry"],"yoast_head":"<!-- This site is optimized with the Yoast SEO plugin v27.5 - https:\/\/yoast.com\/product\/yoast-seo-wordpress\/ -->\n<title>Inauguraci\u00f3n de la \u00e9poca navide\u00f1a - dic. 13 | Casa de Campo Living<\/title>\n<meta name=\"description\" content=\"Este viernes 13 de diciembre, marcar\u00e1 el inicio oficial de la temporada navide\u00f1a en Casa de Campo, una ocasi\u00f3n la cual ser\u00e1 celebrada en Altos de Chav\u00f3n\" \/>\n<meta name=\"robots\" content=\"index, follow, max-snippet:-1, max-image-preview:large, max-video-preview:-1\" \/>\n<link rel=\"canonical\" href=\"https:\/\/casadecampoliving.com\/es\/epoca-navidena-altos-de-chavon\/\" \/>\n<meta property=\"og:locale\" content=\"es_ES\" \/>\n<meta property=\"og:type\" content=\"article\" \/>\n<meta property=\"og:title\" content=\"Inauguraci\u00f3n de la \u00e9poca navide\u00f1a - dic. 13 | Casa de Campo Living\" \/>\n<meta property=\"og:description\" content=\"Este viernes 13 de diciembre, marcar\u00e1 el inicio oficial de la temporada navide\u00f1a en Casa de Campo, una ocasi\u00f3n la cual ser\u00e1 celebrada en Altos de Chav\u00f3n\" \/>\n<meta property=\"og:url\" content=\"https:\/\/casadecampoliving.com\/es\/epoca-navidena-altos-de-chavon\/\" \/>\n<meta property=\"og:site_name\" content=\"Casa de Campo Living\" \/>\n<meta property=\"article:publisher\" content=\"https:\/\/www.facebook.com\/casadecampoliving\" \/>\n<meta property=\"article:modified_time\" content=\"2022-10-21T21:45:53+00:00\" \/>\n<meta property=\"og:image\" content=\"https:\/\/i0.wp.com\/casadecampoliving.com\/wp-content\/uploads\/2013\/12\/holidays_altos_de_chavon.jpg?fit=650%2C455&ssl=1\" \/>\n\t<meta property=\"og:image:width\" content=\"650\" \/>\n\t<meta property=\"og:image:height\" content=\"455\" \/>\n\t<meta property=\"og:image:type\" content=\"image\/jpeg\" \/>\n<meta name=\"twitter:card\" content=\"summary_large_image\" \/>\n<meta name=\"twitter:site\" content=\"@cdcliving\" \/>\n<meta name=\"twitter:label1\" content=\"Tiempo de lectura\" \/>\n\t<meta name=\"twitter:data1\" content=\"3 minutos\" \/>\n<script type=\"application\/ld+json\" class=\"yoast-schema-graph\">{\"@context\":\"https:\\\/\\\/schema.org\",\"@graph\":[{\"@type\":\"WebPage\",\"@id\":\"https:\\\/\\\/casadecampoliving.com\\\/es\\\/epoca-navidena-altos-de-chavon\\\/\",\"url\":\"https:\\\/\\\/casadecampoliving.com\\\/es\\\/epoca-navidena-altos-de-chavon\\\/\",\"name\":\"Inauguraci\u00f3n de la \u00e9poca navide\u00f1a - dic. 13 | Casa de Campo Living\",\"isPartOf\":{\"@id\":\"https:\\\/\\\/casadecampoliving.com\\\/es\\\/#website\"},\"primaryImageOfPage\":{\"@id\":\"https:\\\/\\\/casadecampoliving.com\\\/es\\\/epoca-navidena-altos-de-chavon\\\/#primaryimage\"},\"image\":{\"@id\":\"https:\\\/\\\/casadecampoliving.com\\\/es\\\/epoca-navidena-altos-de-chavon\\\/#primaryimage\"},\"thumbnailUrl\":\"https:\\\/\\\/i0.wp.com\\\/casadecampoliving.com\\\/wp-content\\\/uploads\\\/2013\\\/12\\\/holidays_altos_de_chavon.jpg?fit=650%2C455&ssl=1\",\"datePublished\":\"2013-12-07T22:02:34+00:00\",\"dateModified\":\"2022-10-21T21:45:53+00:00\",\"description\":\"Este viernes 13 de diciembre, marcar\u00e1 el inicio oficial de la temporada navide\u00f1a en Casa de Campo, una ocasi\u00f3n la cual ser\u00e1 celebrada en Altos de Chav\u00f3n\",\"breadcrumb\":{\"@id\":\"https:\\\/\\\/casadecampoliving.com\\\/es\\\/epoca-navidena-altos-de-chavon\\\/#breadcrumb\"},\"inLanguage\":\"es\",\"potentialAction\":[{\"@type\":\"ReadAction\",\"target\":[\"https:\\\/\\\/casadecampoliving.com\\\/es\\\/epoca-navidena-altos-de-chavon\\\/\"]}]},{\"@type\":\"ImageObject\",\"inLanguage\":\"es\",\"@id\":\"https:\\\/\\\/casadecampoliving.com\\\/es\\\/epoca-navidena-altos-de-chavon\\\/#primaryimage\",\"url\":\"https:\\\/\\\/i0.wp.com\\\/casadecampoliving.com\\\/wp-content\\\/uploads\\\/2013\\\/12\\\/holidays_altos_de_chavon.jpg?fit=650%2C455&ssl=1\",\"contentUrl\":\"https:\\\/\\\/i0.wp.com\\\/casadecampoliving.com\\\/wp-content\\\/uploads\\\/2013\\\/12\\\/holidays_altos_de_chavon.jpg?fit=650%2C455&ssl=1\",\"width\":650,\"height\":455,\"caption\":\"Holidays Altos de Chavon\"},{\"@type\":\"BreadcrumbList\",\"@id\":\"https:\\\/\\\/casadecampoliving.com\\\/es\\\/epoca-navidena-altos-de-chavon\\\/#breadcrumb\",\"itemListElement\":[{\"@type\":\"ListItem\",\"position\":1,\"name\":\"Home\",\"item\":\"https:\\\/\\\/casadecampoliving.com\\\/es\\\/\"},{\"@type\":\"ListItem\",\"position\":2,\"name\":\"Inauguraci\u00f3n de la \u00e9poca navide\u00f1a &#8211; dic. 13\"}]},{\"@type\":\"WebSite\",\"@id\":\"https:\\\/\\\/casadecampoliving.com\\\/es\\\/#website\",\"url\":\"https:\\\/\\\/casadecampoliving.com\\\/es\\\/\",\"name\":\"Casa de Campo Living\",\"description\":\"Resort community news and resources.\",\"publisher\":{\"@id\":\"https:\\\/\\\/casadecampoliving.com\\\/es\\\/#organization\"},\"potentialAction\":[{\"@type\":\"SearchAction\",\"target\":{\"@type\":\"EntryPoint\",\"urlTemplate\":\"https:\\\/\\\/casadecampoliving.com\\\/es\\\/?s={search_term_string}\"},\"query-input\":{\"@type\":\"PropertyValueSpecification\",\"valueRequired\":true,\"valueName\":\"search_term_string\"}}],\"inLanguage\":\"es\"},{\"@type\":\"Organization\",\"@id\":\"https:\\\/\\\/casadecampoliving.com\\\/es\\\/#organization\",\"name\":\"Casa de Campo Living\",\"url\":\"https:\\\/\\\/casadecampoliving.com\\\/es\\\/\",\"logo\":{\"@type\":\"ImageObject\",\"inLanguage\":\"es\",\"@id\":\"https:\\\/\\\/casadecampoliving.com\\\/es\\\/#\\\/schema\\\/logo\\\/image\\\/\",\"url\":\"https:\\\/\\\/i0.wp.com\\\/casadecampoliving.com\\\/wp-content\\\/uploads\\\/2022\\\/07\\\/CDCLivingLogo_V1-white-sized.png?fit=800%2C214&ssl=1\",\"contentUrl\":\"https:\\\/\\\/i0.wp.com\\\/casadecampoliving.com\\\/wp-content\\\/uploads\\\/2022\\\/07\\\/CDCLivingLogo_V1-white-sized.png?fit=800%2C214&ssl=1\",\"width\":800,\"height\":214,\"caption\":\"Casa de Campo Living\"},\"image\":{\"@id\":\"https:\\\/\\\/casadecampoliving.com\\\/es\\\/#\\\/schema\\\/logo\\\/image\\\/\"},\"sameAs\":[\"https:\\\/\\\/www.facebook.com\\\/casadecampoliving\",\"https:\\\/\\\/x.com\\\/cdcliving\"]}]}<\/script>\n<!-- \/ Yoast SEO plugin. -->","yoast_head_json":{"title":"Inauguraci\u00f3n de la \u00e9poca navide\u00f1a - dic. 13 | Casa de Campo Living","description":"Este viernes 13 de diciembre, marcar\u00e1 el inicio oficial de la temporada navide\u00f1a en Casa de Campo, una ocasi\u00f3n la cual ser\u00e1 celebrada en Altos de Chav\u00f3n","robots":{"index":"index","follow":"follow","max-snippet":"max-snippet:-1","max-image-preview":"max-image-preview:large","max-video-preview":"max-video-preview:-1"},"canonical":"https:\/\/casadecampoliving.com\/es\/epoca-navidena-altos-de-chavon\/","og_locale":"es_ES","og_type":"article","og_title":"Inauguraci\u00f3n de la \u00e9poca navide\u00f1a - dic. 13 | Casa de Campo Living","og_description":"Este viernes 13 de diciembre, marcar\u00e1 el inicio oficial de la temporada navide\u00f1a en Casa de Campo, una ocasi\u00f3n la cual ser\u00e1 celebrada en Altos de Chav\u00f3n","og_url":"https:\/\/casadecampoliving.com\/es\/epoca-navidena-altos-de-chavon\/","og_site_name":"Casa de Campo Living","article_publisher":"https:\/\/www.facebook.com\/casadecampoliving","article_modified_time":"2022-10-21T21:45:53+00:00","og_image":[{"width":650,"height":455,"url":"https:\/\/i0.wp.com\/casadecampoliving.com\/wp-content\/uploads\/2013\/12\/holidays_altos_de_chavon.jpg?fit=650%2C455&ssl=1","type":"image\/jpeg"}],"twitter_card":"summary_large_image","twitter_site":"@cdcliving","twitter_misc":{"Tiempo de lectura":"3 minutos"},"schema":{"@context":"https:\/\/schema.org","@graph":[{"@type":"WebPage","@id":"https:\/\/casadecampoliving.com\/es\/epoca-navidena-altos-de-chavon\/","url":"https:\/\/casadecampoliving.com\/es\/epoca-navidena-altos-de-chavon\/","name":"Inauguraci\u00f3n de la \u00e9poca navide\u00f1a - dic. 13 | Casa de Campo Living","isPartOf":{"@id":"https:\/\/casadecampoliving.com\/es\/#website"},"primaryImageOfPage":{"@id":"https:\/\/casadecampoliving.com\/es\/epoca-navidena-altos-de-chavon\/#primaryimage"},"image":{"@id":"https:\/\/casadecampoliving.com\/es\/epoca-navidena-altos-de-chavon\/#primaryimage"},"thumbnailUrl":"https:\/\/i0.wp.com\/casadecampoliving.com\/wp-content\/uploads\/2013\/12\/holidays_altos_de_chavon.jpg?fit=650%2C455&ssl=1","datePublished":"2013-12-07T22:02:34+00:00","dateModified":"2022-10-21T21:45:53+00:00","description":"Este viernes 13 de diciembre, marcar\u00e1 el inicio oficial de la temporada navide\u00f1a en Casa de Campo, una ocasi\u00f3n la cual ser\u00e1 celebrada en Altos de Chav\u00f3n","breadcrumb":{"@id":"https:\/\/casadecampoliving.com\/es\/epoca-navidena-altos-de-chavon\/#breadcrumb"},"inLanguage":"es","potentialAction":[{"@type":"ReadAction","target":["https:\/\/casadecampoliving.com\/es\/epoca-navidena-altos-de-chavon\/"]}]},{"@type":"ImageObject","inLanguage":"es","@id":"https:\/\/casadecampoliving.com\/es\/epoca-navidena-altos-de-chavon\/#primaryimage","url":"https:\/\/i0.wp.com\/casadecampoliving.com\/wp-content\/uploads\/2013\/12\/holidays_altos_de_chavon.jpg?fit=650%2C455&ssl=1","contentUrl":"https:\/\/i0.wp.com\/casadecampoliving.com\/wp-content\/uploads\/2013\/12\/holidays_altos_de_chavon.jpg?fit=650%2C455&ssl=1","width":650,"height":455,"caption":"Holidays Altos de Chavon"},{"@type":"BreadcrumbList","@id":"https:\/\/casadecampoliving.com\/es\/epoca-navidena-altos-de-chavon\/#breadcrumb","itemListElement":[{"@type":"ListItem","position":1,"name":"Home","item":"https:\/\/casadecampoliving.com\/es\/"},{"@type":"ListItem","position":2,"name":"Inauguraci\u00f3n de la \u00e9poca navide\u00f1a &#8211; dic. 13"}]},{"@type":"WebSite","@id":"https:\/\/casadecampoliving.com\/es\/#website","url":"https:\/\/casadecampoliving.com\/es\/","name":"Casa de Campo Living","description":"Resort community news and resources.","publisher":{"@id":"https:\/\/casadecampoliving.com\/es\/#organization"},"potentialAction":[{"@type":"SearchAction","target":{"@type":"EntryPoint","urlTemplate":"https:\/\/casadecampoliving.com\/es\/?s={search_term_string}"},"query-input":{"@type":"PropertyValueSpecification","valueRequired":true,"valueName":"search_term_string"}}],"inLanguage":"es"},{"@type":"Organization","@id":"https:\/\/casadecampoliving.com\/es\/#organization","name":"Casa de Campo Living","url":"https:\/\/casadecampoliving.com\/es\/","logo":{"@type":"ImageObject","inLanguage":"es","@id":"https:\/\/casadecampoliving.com\/es\/#\/schema\/logo\/image\/","url":"https:\/\/i0.wp.com\/casadecampoliving.com\/wp-content\/uploads\/2022\/07\/CDCLivingLogo_V1-white-sized.png?fit=800%2C214&ssl=1","contentUrl":"https:\/\/i0.wp.com\/casadecampoliving.com\/wp-content\/uploads\/2022\/07\/CDCLivingLogo_V1-white-sized.png?fit=800%2C214&ssl=1","width":800,"height":214,"caption":"Casa de Campo Living"},"image":{"@id":"https:\/\/casadecampoliving.com\/es\/#\/schema\/logo\/image\/"},"sameAs":["https:\/\/www.facebook.com\/casadecampoliving","https:\/\/x.com\/cdcliving"]}]}},"parsely":{"version":"1.1.0","canonical_url":"https:\/\/casadecampoliving.com\/es\/epoca-navidena-altos-de-chavon\/","smart_links":{"inbound":0,"outbound":0},"traffic_boost_suggestions_count":0,"meta":{"@context":"https:\/\/schema.org","@type":"WebPage","headline":"Inauguraci\u00f3n de la \u00e9poca navide\u00f1a &#8211; dic. 13","url":"http:\/\/casadecampoliving.com\/es\/epoca-navidena-altos-de-chavon\/","mainEntityOfPage":{"@type":"WebPage","@id":"http:\/\/casadecampoliving.com\/es\/epoca-navidena-altos-de-chavon\/"},"thumbnailUrl":"https:\/\/i0.wp.com\/casadecampoliving.com\/wp-content\/uploads\/2013\/12\/holidays_altos_de_chavon.jpg?resize=150%2C150&ssl=1","image":{"@type":"ImageObject","url":"https:\/\/i0.wp.com\/casadecampoliving.com\/wp-content\/uploads\/2013\/12\/holidays_altos_de_chavon.jpg?fit=650%2C455&ssl=1"},"articleSection":"Uncategorized @es","author":[{"@type":"Person","name":"Rebecca Silvestri"}],"creator":["Rebecca Silvestri"],"publisher":{"@type":"Organization","name":"Casa de Campo Living","logo":"https:\/\/casadecampoliving.com\/wp-content\/uploads\/2022\/07\/CDCLivingLogo_V1-white-sized.png"},"keywords":[],"dateCreated":"2013-12-07T22:02:34Z","datePublished":"2013-12-07T22:02:34Z","dateModified":"2022-10-21T21:45:53Z"},"rendered":"<script type=\"application\/ld+json\" class=\"wp-parsely-metadata\">{\"@context\":\"https:\\\/\\\/schema.org\",\"@type\":\"WebPage\",\"headline\":\"Inauguraci\\u00f3n de la \\u00e9poca navide\\u00f1a &#8211; dic. 13\",\"url\":\"http:\\\/\\\/casadecampoliving.com\\\/es\\\/epoca-navidena-altos-de-chavon\\\/\",\"mainEntityOfPage\":{\"@type\":\"WebPage\",\"@id\":\"http:\\\/\\\/casadecampoliving.com\\\/es\\\/epoca-navidena-altos-de-chavon\\\/\"},\"thumbnailUrl\":\"https:\\\/\\\/i0.wp.com\\\/casadecampoliving.com\\\/wp-content\\\/uploads\\\/2013\\\/12\\\/holidays_altos_de_chavon.jpg?resize=150%2C150&ssl=1\",\"image\":{\"@type\":\"ImageObject\",\"url\":\"https:\\\/\\\/i0.wp.com\\\/casadecampoliving.com\\\/wp-content\\\/uploads\\\/2013\\\/12\\\/holidays_altos_de_chavon.jpg?fit=650%2C455&ssl=1\"},\"articleSection\":\"Uncategorized @es\",\"author\":[{\"@type\":\"Person\",\"name\":\"Rebecca Silvestri\"}],\"creator\":[\"Rebecca Silvestri\"],\"publisher\":{\"@type\":\"Organization\",\"name\":\"Casa de Campo Living\",\"logo\":\"https:\\\/\\\/casadecampoliving.com\\\/wp-content\\\/uploads\\\/2022\\\/07\\\/CDCLivingLogo_V1-white-sized.png\"},\"keywords\":[],\"dateCreated\":\"2013-12-07T22:02:34Z\",\"datePublished\":\"2013-12-07T22:02:34Z\",\"dateModified\":\"2022-10-21T21:45:53Z\"}<\/script>","tracker_url":"https:\/\/cdn.parsely.com\/keys\/casadecampoliving.com\/p.js"},"jetpack-related-posts":[{"id":61700,"url":"https:\/\/casadecampoliving.com\/es\/parranda-navidena\/","url_meta":{"origin":82557,"position":0},"title":"Parranda Navide\u00f1a &#8211; viernes 14 de diciembre, una tradici\u00f3n Dominicana para toda la familia","author":"Rebecca Silvestri","date":"6 Dic, 2012","format":false,"excerpt":"La Parranda Navide\u00f1a- una tradici\u00f3n muy com\u00fan entre los Dominicanos que se celebra durante esta temporada nos invita este proximo viernes 14 de diciembre a un gran evento musical! Sorprende a tus amigos y \u00fanete a la \u201cParranda Navide\u00f1a\u201d conocido tambi\u00e9n como el aguinaldo, en un viaje alrededor de la\u2026","rel":"","context":"Entrada similar","block_context":{"text":"Entrada similar","link":""},"img":{"alt_text":"perico ripao","src":"https:\/\/i0.wp.com\/casadecampoliving.com\/wp-content\/uploads\/2012\/12\/perico_ripao.jpg?fit=650%2C361&ssl=1&resize=350%2C200","width":350,"height":200,"srcset":"https:\/\/i0.wp.com\/casadecampoliving.com\/wp-content\/uploads\/2012\/12\/perico_ripao.jpg?fit=650%2C361&ssl=1&resize=350%2C200 1x, https:\/\/i0.wp.com\/casadecampoliving.com\/wp-content\/uploads\/2012\/12\/perico_ripao.jpg?fit=650%2C361&ssl=1&resize=525%2C300 1.5x"},"classes":[]},{"id":82586,"url":"https:\/\/casadecampoliving.com\/es\/chavon-electronico-christmas-dic-27\/","url_meta":{"origin":82557,"position":1},"title":"Chav\u00f3n Electr\u00f3nico Christmas &#8211; dic. 27","author":"Rebecca Silvestri","date":"7 Dic, 2013","format":false,"excerpt":"\u00a1El viernes 27 de diciembre la fiesta es en Altos de Chav\u00f3n! La versi\u00f3n navide\u00f1a de nuestro Chav\u00f3n Electr\u00f3nico! Disfrute de estos reconocidos DJ\u2019s con la mejor m\u00fasica! Con DJ Collapse (Jean Sosa), DJ Gem y DJ Kambax. Aproveche de especiales en todos nuestros bares y restaurantes! \u00a1\u00c9poca\u00a0navide\u00f1a en Altos\u2026","rel":"","context":"Entrada similar","block_context":{"text":"Entrada similar","link":""},"img":{"alt_text":"Chavon Electronico Christmas","src":"https:\/\/i0.wp.com\/casadecampoliving.com\/wp-content\/uploads\/2013\/12\/chavon_electronico_christmas.jpg?fit=650%2C454&ssl=1&resize=350%2C200","width":350,"height":200,"srcset":"https:\/\/i0.wp.com\/casadecampoliving.com\/wp-content\/uploads\/2013\/12\/chavon_electronico_christmas.jpg?fit=650%2C454&ssl=1&resize=350%2C200 1x, https:\/\/i0.wp.com\/casadecampoliving.com\/wp-content\/uploads\/2013\/12\/chavon_electronico_christmas.jpg?fit=650%2C454&ssl=1&resize=525%2C300 1.5x"},"classes":[]},{"id":61563,"url":"https:\/\/casadecampoliving.com\/es\/navidad\/","url_meta":{"origin":82557,"position":2},"title":"Navidad en Altos de Chav\u00f3n!","author":"Rebecca Silvestri","date":"5 Dic, 2012","format":false,"excerpt":"En \u00e9sta temporada navide\u00f1a, Altos de Chav\u00f3n es el lugar para celebrar! Con la inauguraci\u00f3n oficial de la Navidad y la festiva temporada en la ciudad de los artistas, este pr\u00f3ximo s\u00e1bado 8 de diciembre, a partir de las 6pm, pensamos que ser\u00eda \u00fatil para ustedes el COMPLETO calendario de\u2026","rel":"","context":"Entrada similar","block_context":{"text":"Entrada similar","link":""},"img":{"alt_text":"altos de chavon","src":"https:\/\/i0.wp.com\/casadecampoliving.com\/wp-content\/uploads\/2012\/12\/altos_de_chavon.jpg?fit=650%2C434&ssl=1&resize=350%2C200","width":350,"height":200,"srcset":"https:\/\/i0.wp.com\/casadecampoliving.com\/wp-content\/uploads\/2012\/12\/altos_de_chavon.jpg?fit=650%2C434&ssl=1&resize=350%2C200 1x, https:\/\/i0.wp.com\/casadecampoliving.com\/wp-content\/uploads\/2012\/12\/altos_de_chavon.jpg?fit=650%2C434&ssl=1&resize=525%2C300 1.5x"},"classes":[]},{"id":61687,"url":"https:\/\/casadecampoliving.com\/es\/jornada-navidena\/","url_meta":{"origin":82557,"position":3},"title":"\u00abJornada Creativa Navide\u00f1a\u00bb tallers para ni\u00f1os en el Museo Arqueol\u00f3gico Regional de Altos de Chav\u00f3n: dic. 27 y 29!","author":"Rebecca Silvestri","date":"6 Dic, 2012","format":false,"excerpt":"El Museo Arqueol\u00f3gico Regional en Altos de Chav\u00f3n contiene m\u00e1s de 3,000 artefactos precolombinos y ta\u00ednos \u2013 un gran lugar para aprender sobre el patrimonio \u00fanico de la Rep\u00fablica Dominicana \u2013 y en estas fechas los m\u00e1s peque\u00f1os de Casa de Campo pueden aprender y divertirse en un taller especial\u2026","rel":"","context":"Entrada similar","block_context":{"text":"Entrada similar","link":""},"img":{"alt_text":"altos de chavon museum","src":"https:\/\/i0.wp.com\/casadecampoliving.com\/wp-content\/uploads\/2012\/12\/altos_de_chavon_museum.jpg?fit=650%2C453&ssl=1&resize=350%2C200","width":350,"height":200,"srcset":"https:\/\/i0.wp.com\/casadecampoliving.com\/wp-content\/uploads\/2012\/12\/altos_de_chavon_museum.jpg?fit=650%2C453&ssl=1&resize=350%2C200 1x, https:\/\/i0.wp.com\/casadecampoliving.com\/wp-content\/uploads\/2012\/12\/altos_de_chavon_museum.jpg?fit=650%2C453&ssl=1&resize=525%2C300 1.5x"},"classes":[]},{"id":82579,"url":"https:\/\/casadecampoliving.com\/es\/celebracion-de-navidad\/","url_meta":{"origin":82557,"position":4},"title":"Celebraci\u00f3n de Navidad &#8211; dic. 25","author":"Rebecca Silvestri","date":"7 Dic, 2013","format":false,"excerpt":"El d\u00eda de Navidad, mi\u00e9rcoles 25 de diciembre, Altos de Chav\u00f3n les invita a celebrar las fiestas en la plaza principal de Altos de Chav\u00f3n \u2013 donde se puede disfrutar de una celebraci\u00f3n eucar\u00edstica, seguida por un concierto del Coro Armon\u00eda, una visita de Santa y si faltaba poco y\u2026","rel":"","context":"Entrada similar","block_context":{"text":"Entrada similar","link":""},"img":{"alt_text":"altos de chavon christmas","src":"https:\/\/i0.wp.com\/casadecampoliving.com\/wp-content\/uploads\/2012\/12\/altos_de_chavon_christmas4.jpg?resize=350%2C200&ssl=1","width":350,"height":200,"srcset":"https:\/\/i0.wp.com\/casadecampoliving.com\/wp-content\/uploads\/2012\/12\/altos_de_chavon_christmas4.jpg?resize=350%2C200&ssl=1 1x, https:\/\/i0.wp.com\/casadecampoliving.com\/wp-content\/uploads\/2012\/12\/altos_de_chavon_christmas4.jpg?resize=525%2C300&ssl=1 1.5x"},"classes":[]},{"id":82597,"url":"https:\/\/casadecampoliving.com\/es\/fiesta-con-silvio-mora\/","url_meta":{"origin":82557,"position":5},"title":"Fiesta con Silvio Mora &#038; Orquestra &#8211; dic. 21","author":"Rebecca Silvestri","date":"7 Dic, 2013","format":false,"excerpt":"Un gran artista que pondr\u00e1 Altos de Chav\u00f3n a bailar merengue del bueno, as\u00ed que calce sus zapatos de baile! FIESTA CON SILVIO MORA & ORQUESTA\u2022\u00a0S\u00e1bado diciembre 21, 9pm\u2022\u00a0Plaza Chav\u00f3n, Altos de Chav\u00f3n \u00a1\u00c9poca\u00a0navide\u00f1a en Altos de Chav\u00f3n! Las celebraciones festivas en Altos de Chav\u00f3n continuaran todo el mes de\u2026","rel":"","context":"Entrada similar","block_context":{"text":"Entrada similar","link":""},"img":{"alt_text":"Silvio Mora","src":"https:\/\/i0.wp.com\/casadecampoliving.com\/wp-content\/uploads\/2013\/12\/silvio_mora.jpg?fit=650%2C612&ssl=1&resize=350%2C200","width":350,"height":200,"srcset":"https:\/\/i0.wp.com\/casadecampoliving.com\/wp-content\/uploads\/2013\/12\/silvio_mora.jpg?fit=650%2C612&ssl=1&resize=350%2C200 1x, https:\/\/i0.wp.com\/casadecampoliving.com\/wp-content\/uploads\/2013\/12\/silvio_mora.jpg?fit=650%2C612&ssl=1&resize=525%2C300 1.5x"},"classes":[]}],"jetpack_sharing_enabled":true,"_links":{"self":[{"href":"https:\/\/casadecampoliving.com\/es\/wp-json\/wp\/v2\/pages\/82557","targetHints":{"allow":["GET"]}}],"collection":[{"href":"https:\/\/casadecampoliving.com\/es\/wp-json\/wp\/v2\/pages"}],"about":[{"href":"https:\/\/casadecampoliving.com\/es\/wp-json\/wp\/v2\/types\/page"}],"author":[{"embeddable":true,"href":"https:\/\/casadecampoliving.com\/es\/wp-json\/wp\/v2\/users\/31"}],"replies":[{"embeddable":true,"href":"https:\/\/casadecampoliving.com\/es\/wp-json\/wp\/v2\/comments?post=82557"}],"version-history":[{"count":0,"href":"https:\/\/casadecampoliving.com\/es\/wp-json\/wp\/v2\/pages\/82557\/revisions"}],"wp:featuredmedia":[{"embeddable":true,"href":"https:\/\/casadecampoliving.com\/es\/wp-json\/wp\/v2\/media\/82466"}],"wp:attachment":[{"href":"https:\/\/casadecampoliving.com\/es\/wp-json\/wp\/v2\/media?parent=82557"}],"wp:term":[{"taxonomy":"newspack_spnsrs_tax","embeddable":true,"href":"https:\/\/casadecampoliving.com\/es\/wp-json\/wp\/v2\/newspack_spnsrs_tax?post=82557"}],"curies":[{"name":"wp","href":"https:\/\/api.w.org\/{rel}","templated":true}]}}