{"id":62150,"date":"2012-12-11T15:37:38","date_gmt":"2012-12-11T19:37:38","guid":{"rendered":"http:\/\/casadecampoliving.com\/?page_id=62150"},"modified":"2022-10-21T17:42:23","modified_gmt":"2022-10-21T21:42:23","slug":"varela","status":"publish","type":"page","link":"https:\/\/casadecampoliving.com\/es\/varela\/","title":{"rendered":"Casa de Campo Living y Chivas Regal 18 le invitan a la inauguraci\u00f3n de \u201cFernando Varela Recent Works \u2013 Paintings\/Drawings\u201d"},"content":{"rendered":"<div class=\"wp-block-image\">\n<figure class=\"aligncenter is-resized\"><img loading=\"lazy\" decoding=\"async\" src=\"https:\/\/i0.wp.com\/casadecampoliving-wp.s3-accelerate.amazonaws.com\/2012\/12\/fernando_varela2.jpg?resize=650%2C417&amp;ssl=1\" alt=\"fernando varela\" class=\"wp-image-62113\" height=\"417\" width=\"650\" srcset=\"https:\/\/i0.wp.com\/casadecampoliving.com\/wp-content\/uploads\/2012\/12\/fernando_varela2.jpg?w=650&amp;ssl=1 650w, https:\/\/i0.wp.com\/casadecampoliving.com\/wp-content\/uploads\/2012\/12\/fernando_varela2.jpg?resize=300%2C192&amp;ssl=1 300w, https:\/\/i0.wp.com\/casadecampoliving-wp.s3-accelerate.amazonaws.com\/2012\/12\/fernando_varela2.jpg?w=370 370w, https:\/\/i0.wp.com\/casadecampoliving-wp.s3-accelerate.amazonaws.com\/2012\/12\/fernando_varela2.jpg?w=400 400w\" sizes=\"auto, (max-width: 650px) 100vw, 650px\" \/><\/figure>\n<\/div>\n\n\n<p>Este jueves 13 de diciembre, Casa de Campo Living y Chivas Regal 18 le invitan a celebrar la inauguraci\u00f3n de la nueva exposici\u00f3n de arte nuevo \u201cFernando Varela Recent Works \u2013 Paintings\/Drawings\u201d , que se celebra en la Marina de Casa de Campo a partir de las 6pm.<\/p>\n\n\n\n<!--more-->\n\n\n<div class=\"wp-block-image\">\n<figure class=\"alignright is-resized\"><img loading=\"lazy\" decoding=\"async\" src=\"https:\/\/i0.wp.com\/casadecampoliving-wp.s3-accelerate.amazonaws.com\/2012\/12\/fernando-varela-300x600-ingles1-3.jpg?resize=210%2C420&amp;ssl=1\" alt=\"fernando varela\" class=\"wp-image-62114\" height=\"420\" width=\"210\" srcset=\"https:\/\/i0.wp.com\/casadecampoliving.com\/wp-content\/uploads\/2012\/12\/fernando-varela-300x600-ingles1-3.jpg?w=300&amp;ssl=1 300w, https:\/\/i0.wp.com\/casadecampoliving.com\/wp-content\/uploads\/2012\/12\/fernando-varela-300x600-ingles1-3.jpg?resize=150%2C300&amp;ssl=1 150w, https:\/\/i0.wp.com\/casadecampoliving-wp.s3-accelerate.amazonaws.com\/2012\/12\/fernando-varela-300x600-ingles1-3.jpg?w=370 370w, https:\/\/i0.wp.com\/casadecampoliving-wp.s3-accelerate.amazonaws.com\/2012\/12\/fernando-varela-300x600-ingles1-3.jpg?w=400 400w\" sizes=\"auto, (max-width: 210px) 100vw, 210px\" \/><\/figure>\n<\/div>\n\n\n<p>Fernando Varela, un distinguido artista originario de Uruguay que ha estado viviendo en la Rep\u00fablica Dominicana desde 1975 y ahora es considerado como uno de los artistas m\u00e1s exitosos a nivel internacional del pa\u00eds. El es muy reconocido por sus pinturas por su estilo contempor\u00e1neo utilizando s\u00edmbolos ind\u00edgenas junto con las im\u00e1genes de la ca\u00f1a de az\u00facar, en una variedad de tonos negros, marrones y crema, as\u00ed como tonos m\u00e1s tropicales de azul, rosa y naranja. Las pinturas de Fernando Varela se pueden observar con orgullo en muchas de las paredes de las villas en Casa de Campo, as\u00ed como en los hogares alrededor del mundo.<\/p>\n\n\n\n<p>Con la apertura de esta nueva exposici\u00f3n, que se podr\u00e1 visitar en el Paseo del Mar n \u00ba 7 en la Marina de Casa de Campo del 13 de diciembre al 28 de febrero, Fernando Varela le da la oportunidad de ver, admirar y comprar su m\u00e1s reciente colecci\u00f3n de pinturas y arte. A lo largo de la exposici\u00f3n, como un artista apasionado, experimentado y famoso del mundo, Varela tambien planea organizar una serie de \u201ccharlas\u201d sobre una variedad de temas art\u00edsticos \u2013 m\u00e1s detalles y fechas a continuaci\u00f3n.<\/p>\n\n\n<div class=\"wp-block-image\">\n<figure class=\"aligncenter is-resized\"><img loading=\"lazy\" decoding=\"async\" src=\"https:\/\/i0.wp.com\/casadecampoliving-wp.s3-accelerate.amazonaws.com\/2012\/12\/fernando_varela3.jpg?resize=650%2C366&amp;ssl=1\" alt=\"fernando varela\" class=\"wp-image-62116\" height=\"366\" width=\"650\" srcset=\"https:\/\/i0.wp.com\/casadecampoliving.com\/wp-content\/uploads\/2012\/12\/fernando_varela3.jpg?w=650&amp;ssl=1 650w, https:\/\/i0.wp.com\/casadecampoliving.com\/wp-content\/uploads\/2012\/12\/fernando_varela3.jpg?resize=300%2C168&amp;ssl=1 300w, https:\/\/i0.wp.com\/casadecampoliving-wp.s3-accelerate.amazonaws.com\/2012\/12\/fernando_varela3.jpg?w=370 370w, https:\/\/i0.wp.com\/casadecampoliving-wp.s3-accelerate.amazonaws.com\/2012\/12\/fernando_varela3.jpg?w=400 400w\" sizes=\"auto, (max-width: 650px) 100vw, 650px\" \/><\/figure>\n<\/div>\n\n\n<p>En la inauguraci\u00f3n de \u201cFernando Varela Recent Works \u2013 Paintings\/Drawings\u201d patrocinado por Casa de Campo Living-el sitio web de noticias y eventos de Casa de Campo y Chivas Regal 18, los invitados podr\u00e1n disfrutar de un brindis de Chivas Regal 18 \u2013 la gran oportunidad tambi\u00e9n de poder disfrutar de los 85 sabores \u00fanicos que ofrece este whiskey y si faltaba poco disfrutar de la exposici\u00f3n de arte y tener la oportunidad de conocer al gran artista, Fernando Varela.<\/p>\n\n\n\n<blockquote class=\"wp-block-quote is-layout-flow wp-block-quote-is-layout-flow\"><p><strong>La inauguraci\u00f3n de \u201cFernando Varela Recent Works \u2013 Paintings\/Drawings\u201d<\/strong><\/p><p><strong>Cuando:<\/strong>&nbsp;jueves 13 de diciembre, 6pm<\/p><p><strong>Lugar:&nbsp;<\/strong> Paseo del Mar #7, Marina Casa de Campo<\/p><\/blockquote>\n","protected":false},"excerpt":{"rendered":"<p>Este jueves 13 de diciembre, Casa de Campo Living y Chivas Regal 18 le invitan a celebrar la inauguraci\u00f3n de la nueva exposici\u00f3n de arte nuevo \u201cFernando Varela Recent Works \u2013 Paintings\/Drawings\u201d , que se celebra en la Marina de Casa de Campo a partir de las 6pm.<\/p>\n","protected":false},"author":31,"featured_media":62113,"parent":0,"menu_order":0,"comment_status":"closed","ping_status":"closed","template":"","meta":{"newspack_ads_suppress_ads":false,"newspack_popups_has_disabled_popups":false,"newspack_sponsor_sponsorship_scope":"","newspack_sponsor_native_byline_display":"inherit","newspack_sponsor_native_category_display":"inherit","newspack_sponsor_underwriter_style":"inherit","newspack_sponsor_underwriter_placement":"inherit","newspack_content_restriction_is_exempt":false,"newspack_featured_image_position":"","newspack_hide_page_title":false,"newspack_show_share_buttons":false,"footnotes":""},"newspack_spnsrs_tax":[],"class_list":["post-62150","page","type-page","status-publish","has-post-thumbnail","hentry","entry"],"yoast_head":"<!-- This site is optimized with the Yoast SEO plugin v27.4 - https:\/\/yoast.com\/product\/yoast-seo-wordpress\/ -->\n<title>Casa de Campo Living y Chivas Regal 18 le invitan a la inauguraci\u00f3n de \u201cFernando Varela Recent Works \u2013 Paintings\/Drawings\u201d | Casa de Campo Living<\/title>\n<meta name=\"description\" content=\"Este jueves 13 de diciembre, Casa de Campo Living y Chivas Regal 18 le invitan a celebrar la inauguraci\u00f3n de la nueva exposici\u00f3n de arte nuevo \u201cFernando\" \/>\n<meta name=\"robots\" content=\"index, follow, max-snippet:-1, max-image-preview:large, max-video-preview:-1\" \/>\n<link rel=\"canonical\" href=\"https:\/\/casadecampoliving.com\/es\/varela\/\" \/>\n<meta property=\"og:locale\" content=\"es_ES\" \/>\n<meta property=\"og:type\" content=\"article\" \/>\n<meta property=\"og:title\" content=\"Casa de Campo Living y Chivas Regal 18 le invitan a la inauguraci\u00f3n de \u201cFernando Varela Recent Works \u2013 Paintings\/Drawings\u201d | Casa de Campo Living\" \/>\n<meta property=\"og:description\" content=\"Este jueves 13 de diciembre, Casa de Campo Living y Chivas Regal 18 le invitan a celebrar la inauguraci\u00f3n de la nueva exposici\u00f3n de arte nuevo \u201cFernando\" \/>\n<meta property=\"og:url\" content=\"https:\/\/casadecampoliving.com\/es\/varela\/\" \/>\n<meta property=\"og:site_name\" content=\"Casa de Campo Living\" \/>\n<meta property=\"article:publisher\" content=\"https:\/\/www.facebook.com\/casadecampoliving\" \/>\n<meta property=\"article:modified_time\" content=\"2022-10-21T21:42:23+00:00\" \/>\n<meta property=\"og:image\" content=\"https:\/\/i0.wp.com\/casadecampoliving.com\/wp-content\/uploads\/2012\/12\/fernando_varela2.jpg?fit=650%2C417&ssl=1\" \/>\n\t<meta property=\"og:image:width\" content=\"650\" \/>\n\t<meta property=\"og:image:height\" content=\"417\" \/>\n\t<meta property=\"og:image:type\" content=\"image\/jpeg\" \/>\n<meta name=\"twitter:card\" content=\"summary_large_image\" \/>\n<meta name=\"twitter:site\" content=\"@cdcliving\" \/>\n<meta name=\"twitter:label1\" content=\"Tiempo de lectura\" \/>\n\t<meta name=\"twitter:data1\" content=\"2 minutos\" \/>\n<script type=\"application\/ld+json\" class=\"yoast-schema-graph\">{\"@context\":\"https:\\\/\\\/schema.org\",\"@graph\":[{\"@type\":\"WebPage\",\"@id\":\"https:\\\/\\\/casadecampoliving.com\\\/es\\\/varela\\\/\",\"url\":\"https:\\\/\\\/casadecampoliving.com\\\/es\\\/varela\\\/\",\"name\":\"Casa de Campo Living y Chivas Regal 18 le invitan a la inauguraci\u00f3n de \u201cFernando Varela Recent Works \u2013 Paintings\\\/Drawings\u201d | Casa de Campo Living\",\"isPartOf\":{\"@id\":\"https:\\\/\\\/casadecampoliving.com\\\/es\\\/#website\"},\"primaryImageOfPage\":{\"@id\":\"https:\\\/\\\/casadecampoliving.com\\\/es\\\/varela\\\/#primaryimage\"},\"image\":{\"@id\":\"https:\\\/\\\/casadecampoliving.com\\\/es\\\/varela\\\/#primaryimage\"},\"thumbnailUrl\":\"https:\\\/\\\/i0.wp.com\\\/casadecampoliving.com\\\/wp-content\\\/uploads\\\/2012\\\/12\\\/fernando_varela2.jpg?fit=650%2C417&ssl=1\",\"datePublished\":\"2012-12-11T19:37:38+00:00\",\"dateModified\":\"2022-10-21T21:42:23+00:00\",\"description\":\"Este jueves 13 de diciembre, Casa de Campo Living y Chivas Regal 18 le invitan a celebrar la inauguraci\u00f3n de la nueva exposici\u00f3n de arte nuevo \u201cFernando\",\"breadcrumb\":{\"@id\":\"https:\\\/\\\/casadecampoliving.com\\\/es\\\/varela\\\/#breadcrumb\"},\"inLanguage\":\"es\",\"potentialAction\":[{\"@type\":\"ReadAction\",\"target\":[\"https:\\\/\\\/casadecampoliving.com\\\/es\\\/varela\\\/\"]}]},{\"@type\":\"ImageObject\",\"inLanguage\":\"es\",\"@id\":\"https:\\\/\\\/casadecampoliving.com\\\/es\\\/varela\\\/#primaryimage\",\"url\":\"https:\\\/\\\/i0.wp.com\\\/casadecampoliving.com\\\/wp-content\\\/uploads\\\/2012\\\/12\\\/fernando_varela2.jpg?fit=650%2C417&ssl=1\",\"contentUrl\":\"https:\\\/\\\/i0.wp.com\\\/casadecampoliving.com\\\/wp-content\\\/uploads\\\/2012\\\/12\\\/fernando_varela2.jpg?fit=650%2C417&ssl=1\",\"width\":\"650\",\"height\":\"417\",\"caption\":\"fernando varela\"},{\"@type\":\"BreadcrumbList\",\"@id\":\"https:\\\/\\\/casadecampoliving.com\\\/es\\\/varela\\\/#breadcrumb\",\"itemListElement\":[{\"@type\":\"ListItem\",\"position\":1,\"name\":\"Home\",\"item\":\"https:\\\/\\\/casadecampoliving.com\\\/es\\\/\"},{\"@type\":\"ListItem\",\"position\":2,\"name\":\"Casa de Campo Living y Chivas Regal 18 le invitan a la inauguraci\u00f3n de \u201cFernando Varela Recent Works \u2013 Paintings\\\/Drawings\u201d\"}]},{\"@type\":\"WebSite\",\"@id\":\"https:\\\/\\\/casadecampoliving.com\\\/es\\\/#website\",\"url\":\"https:\\\/\\\/casadecampoliving.com\\\/es\\\/\",\"name\":\"Casa de Campo Living\",\"description\":\"Resort community news and resources.\",\"publisher\":{\"@id\":\"https:\\\/\\\/casadecampoliving.com\\\/es\\\/#organization\"},\"potentialAction\":[{\"@type\":\"SearchAction\",\"target\":{\"@type\":\"EntryPoint\",\"urlTemplate\":\"https:\\\/\\\/casadecampoliving.com\\\/es\\\/?s={search_term_string}\"},\"query-input\":{\"@type\":\"PropertyValueSpecification\",\"valueRequired\":true,\"valueName\":\"search_term_string\"}}],\"inLanguage\":\"es\"},{\"@type\":\"Organization\",\"@id\":\"https:\\\/\\\/casadecampoliving.com\\\/es\\\/#organization\",\"name\":\"Casa de Campo Living\",\"url\":\"https:\\\/\\\/casadecampoliving.com\\\/es\\\/\",\"logo\":{\"@type\":\"ImageObject\",\"inLanguage\":\"es\",\"@id\":\"https:\\\/\\\/casadecampoliving.com\\\/es\\\/#\\\/schema\\\/logo\\\/image\\\/\",\"url\":\"https:\\\/\\\/i0.wp.com\\\/casadecampoliving.com\\\/wp-content\\\/uploads\\\/2022\\\/07\\\/CDCLivingLogo_V1-white-sized.png?fit=800%2C214&ssl=1\",\"contentUrl\":\"https:\\\/\\\/i0.wp.com\\\/casadecampoliving.com\\\/wp-content\\\/uploads\\\/2022\\\/07\\\/CDCLivingLogo_V1-white-sized.png?fit=800%2C214&ssl=1\",\"width\":800,\"height\":214,\"caption\":\"Casa de Campo Living\"},\"image\":{\"@id\":\"https:\\\/\\\/casadecampoliving.com\\\/es\\\/#\\\/schema\\\/logo\\\/image\\\/\"},\"sameAs\":[\"https:\\\/\\\/www.facebook.com\\\/casadecampoliving\",\"https:\\\/\\\/x.com\\\/cdcliving\"]}]}<\/script>\n<!-- \/ Yoast SEO plugin. -->","yoast_head_json":{"title":"Casa de Campo Living y Chivas Regal 18 le invitan a la inauguraci\u00f3n de \u201cFernando Varela Recent Works \u2013 Paintings\/Drawings\u201d | Casa de Campo Living","description":"Este jueves 13 de diciembre, Casa de Campo Living y Chivas Regal 18 le invitan a celebrar la inauguraci\u00f3n de la nueva exposici\u00f3n de arte nuevo \u201cFernando","robots":{"index":"index","follow":"follow","max-snippet":"max-snippet:-1","max-image-preview":"max-image-preview:large","max-video-preview":"max-video-preview:-1"},"canonical":"https:\/\/casadecampoliving.com\/es\/varela\/","og_locale":"es_ES","og_type":"article","og_title":"Casa de Campo Living y Chivas Regal 18 le invitan a la inauguraci\u00f3n de \u201cFernando Varela Recent Works \u2013 Paintings\/Drawings\u201d | Casa de Campo Living","og_description":"Este jueves 13 de diciembre, Casa de Campo Living y Chivas Regal 18 le invitan a celebrar la inauguraci\u00f3n de la nueva exposici\u00f3n de arte nuevo \u201cFernando","og_url":"https:\/\/casadecampoliving.com\/es\/varela\/","og_site_name":"Casa de Campo Living","article_publisher":"https:\/\/www.facebook.com\/casadecampoliving","article_modified_time":"2022-10-21T21:42:23+00:00","og_image":[{"width":650,"height":417,"url":"https:\/\/i0.wp.com\/casadecampoliving.com\/wp-content\/uploads\/2012\/12\/fernando_varela2.jpg?fit=650%2C417&ssl=1","type":"image\/jpeg"}],"twitter_card":"summary_large_image","twitter_site":"@cdcliving","twitter_misc":{"Tiempo de lectura":"2 minutos"},"schema":{"@context":"https:\/\/schema.org","@graph":[{"@type":"WebPage","@id":"https:\/\/casadecampoliving.com\/es\/varela\/","url":"https:\/\/casadecampoliving.com\/es\/varela\/","name":"Casa de Campo Living y Chivas Regal 18 le invitan a la inauguraci\u00f3n de \u201cFernando Varela Recent Works \u2013 Paintings\/Drawings\u201d | Casa de Campo Living","isPartOf":{"@id":"https:\/\/casadecampoliving.com\/es\/#website"},"primaryImageOfPage":{"@id":"https:\/\/casadecampoliving.com\/es\/varela\/#primaryimage"},"image":{"@id":"https:\/\/casadecampoliving.com\/es\/varela\/#primaryimage"},"thumbnailUrl":"https:\/\/i0.wp.com\/casadecampoliving.com\/wp-content\/uploads\/2012\/12\/fernando_varela2.jpg?fit=650%2C417&ssl=1","datePublished":"2012-12-11T19:37:38+00:00","dateModified":"2022-10-21T21:42:23+00:00","description":"Este jueves 13 de diciembre, Casa de Campo Living y Chivas Regal 18 le invitan a celebrar la inauguraci\u00f3n de la nueva exposici\u00f3n de arte nuevo \u201cFernando","breadcrumb":{"@id":"https:\/\/casadecampoliving.com\/es\/varela\/#breadcrumb"},"inLanguage":"es","potentialAction":[{"@type":"ReadAction","target":["https:\/\/casadecampoliving.com\/es\/varela\/"]}]},{"@type":"ImageObject","inLanguage":"es","@id":"https:\/\/casadecampoliving.com\/es\/varela\/#primaryimage","url":"https:\/\/i0.wp.com\/casadecampoliving.com\/wp-content\/uploads\/2012\/12\/fernando_varela2.jpg?fit=650%2C417&ssl=1","contentUrl":"https:\/\/i0.wp.com\/casadecampoliving.com\/wp-content\/uploads\/2012\/12\/fernando_varela2.jpg?fit=650%2C417&ssl=1","width":"650","height":"417","caption":"fernando varela"},{"@type":"BreadcrumbList","@id":"https:\/\/casadecampoliving.com\/es\/varela\/#breadcrumb","itemListElement":[{"@type":"ListItem","position":1,"name":"Home","item":"https:\/\/casadecampoliving.com\/es\/"},{"@type":"ListItem","position":2,"name":"Casa de Campo Living y Chivas Regal 18 le invitan a la inauguraci\u00f3n de \u201cFernando Varela Recent Works \u2013 Paintings\/Drawings\u201d"}]},{"@type":"WebSite","@id":"https:\/\/casadecampoliving.com\/es\/#website","url":"https:\/\/casadecampoliving.com\/es\/","name":"Casa de Campo Living","description":"Resort community news and resources.","publisher":{"@id":"https:\/\/casadecampoliving.com\/es\/#organization"},"potentialAction":[{"@type":"SearchAction","target":{"@type":"EntryPoint","urlTemplate":"https:\/\/casadecampoliving.com\/es\/?s={search_term_string}"},"query-input":{"@type":"PropertyValueSpecification","valueRequired":true,"valueName":"search_term_string"}}],"inLanguage":"es"},{"@type":"Organization","@id":"https:\/\/casadecampoliving.com\/es\/#organization","name":"Casa de Campo Living","url":"https:\/\/casadecampoliving.com\/es\/","logo":{"@type":"ImageObject","inLanguage":"es","@id":"https:\/\/casadecampoliving.com\/es\/#\/schema\/logo\/image\/","url":"https:\/\/i0.wp.com\/casadecampoliving.com\/wp-content\/uploads\/2022\/07\/CDCLivingLogo_V1-white-sized.png?fit=800%2C214&ssl=1","contentUrl":"https:\/\/i0.wp.com\/casadecampoliving.com\/wp-content\/uploads\/2022\/07\/CDCLivingLogo_V1-white-sized.png?fit=800%2C214&ssl=1","width":800,"height":214,"caption":"Casa de Campo Living"},"image":{"@id":"https:\/\/casadecampoliving.com\/es\/#\/schema\/logo\/image\/"},"sameAs":["https:\/\/www.facebook.com\/casadecampoliving","https:\/\/x.com\/cdcliving"]}]}},"parsely":{"version":"1.1.0","canonical_url":"https:\/\/casadecampoliving.com\/es\/varela\/","smart_links":{"inbound":0,"outbound":0},"traffic_boost_suggestions_count":0,"meta":{"@context":"https:\/\/schema.org","@type":"WebPage","headline":"Casa de Campo Living y Chivas Regal 18 le invitan a la inauguraci\u00f3n de \u201cFernando Varela Recent Works \u2013 Paintings\/Drawings\u201d","url":"http:\/\/casadecampoliving.com\/es\/varela\/","mainEntityOfPage":{"@type":"WebPage","@id":"http:\/\/casadecampoliving.com\/es\/varela\/"},"thumbnailUrl":"https:\/\/i0.wp.com\/casadecampoliving.com\/wp-content\/uploads\/2012\/12\/fernando_varela2.jpg?resize=150%2C150&ssl=1","image":{"@type":"ImageObject","url":"https:\/\/i0.wp.com\/casadecampoliving.com\/wp-content\/uploads\/2012\/12\/fernando_varela2.jpg?fit=650%2C417&ssl=1"},"articleSection":"Uncategorized @es","author":[{"@type":"Person","name":"Rebecca Silvestri"}],"creator":["Rebecca Silvestri"],"publisher":{"@type":"Organization","name":"Casa de Campo Living","logo":"https:\/\/casadecampoliving.com\/wp-content\/uploads\/2022\/07\/CDCLivingLogo_V1-white-sized.png"},"keywords":[],"dateCreated":"2012-12-11T19:37:38Z","datePublished":"2012-12-11T19:37:38Z","dateModified":"2022-10-21T21:42:23Z"},"rendered":"<script type=\"application\/ld+json\" class=\"wp-parsely-metadata\">{\"@context\":\"https:\\\/\\\/schema.org\",\"@type\":\"WebPage\",\"headline\":\"Casa de Campo Living y Chivas Regal 18 le invitan a la inauguraci\\u00f3n de \\u201cFernando Varela Recent Works \\u2013 Paintings\\\/Drawings\\u201d\",\"url\":\"http:\\\/\\\/casadecampoliving.com\\\/es\\\/varela\\\/\",\"mainEntityOfPage\":{\"@type\":\"WebPage\",\"@id\":\"http:\\\/\\\/casadecampoliving.com\\\/es\\\/varela\\\/\"},\"thumbnailUrl\":\"https:\\\/\\\/i0.wp.com\\\/casadecampoliving.com\\\/wp-content\\\/uploads\\\/2012\\\/12\\\/fernando_varela2.jpg?resize=150%2C150&ssl=1\",\"image\":{\"@type\":\"ImageObject\",\"url\":\"https:\\\/\\\/i0.wp.com\\\/casadecampoliving.com\\\/wp-content\\\/uploads\\\/2012\\\/12\\\/fernando_varela2.jpg?fit=650%2C417&ssl=1\"},\"articleSection\":\"Uncategorized @es\",\"author\":[{\"@type\":\"Person\",\"name\":\"Rebecca Silvestri\"}],\"creator\":[\"Rebecca Silvestri\"],\"publisher\":{\"@type\":\"Organization\",\"name\":\"Casa de Campo Living\",\"logo\":\"https:\\\/\\\/casadecampoliving.com\\\/wp-content\\\/uploads\\\/2022\\\/07\\\/CDCLivingLogo_V1-white-sized.png\"},\"keywords\":[],\"dateCreated\":\"2012-12-11T19:37:38Z\",\"datePublished\":\"2012-12-11T19:37:38Z\",\"dateModified\":\"2022-10-21T21:42:23Z\"}<\/script>","tracker_url":"https:\/\/cdn.parsely.com\/keys\/casadecampoliving.com\/p.js"},"jetpack-related-posts":[{"id":62147,"url":"https:\/\/casadecampoliving.com\/fernando_varela\/","url_meta":{"origin":62150,"position":0},"title":"Casa de Campo Living &#038; Chivas Regal 18 invite you to the opening of \u00abFernando Varela Recent Works &#8211; Paintings\/Drawings\u00bb","author":"Rebecca Silvestri","date":"11 Dic, 2012","format":false,"excerpt":"This Thursday December the 13th, Casa de Campo Living and Chivas Regal 18 invite you to celebrate the opening of new art exhibition \u201cFernando Varela Recent Works \u2013 Paintings\/Drawings\u201d to be celebrated at the Marina Casa de Campo from 6pm. Fernando Varela, a distinguished artist \u2013 originally from\u00a0Uruguay, has been\u2026","rel":"","context":"Entrada similar","block_context":{"text":"Entrada similar","link":""},"img":{"alt_text":"fernando varela","src":"https:\/\/i0.wp.com\/casadecampoliving.com\/wp-content\/uploads\/2012\/12\/fernando_varela3.jpg?fit=650%2C366&ssl=1&resize=350%2C200","width":350,"height":200,"srcset":"https:\/\/i0.wp.com\/casadecampoliving.com\/wp-content\/uploads\/2012\/12\/fernando_varela3.jpg?fit=650%2C366&ssl=1&resize=350%2C200 1x, https:\/\/i0.wp.com\/casadecampoliving.com\/wp-content\/uploads\/2012\/12\/fernando_varela3.jpg?fit=650%2C366&ssl=1&resize=525%2C300 1.5x"},"classes":[]},{"id":62563,"url":"https:\/\/casadecampoliving.com\/es\/varela-2\/","url_meta":{"origin":62150,"position":1},"title":"Fernando Varela: Recent Works \u2013 Paintings\/Drawings","author":"Rebecca Silvestri","date":"17 Dic, 2012","format":false,"excerpt":"Fernando Varela: Recent Works \u2013 Paintings\/DrawingsHorario:\u2022 Martes \u2013 viernes, 10am \u2013 6pm \u2022 S\u00e1bado, 10am \u2013 8pm \u2022 Domingo,\u00a010am \u2013 6pm \u2022 Cerrado los lunesDonde:\u00a0Paseo del Mar #7, Marina Casa de CampoContactos:\u00a0\u2022 Fernando:(809) 862-6133 \u2022 Rosario: (829) 343-5301 \u2022 Xiomara: (809) 486-1650 Fernando Varela, un distinguido artista originario de Uruguay\u2026","rel":"","context":"Entrada similar","block_context":{"text":"Entrada similar","link":""},"img":{"alt_text":"fernando varela","src":"https:\/\/i0.wp.com\/casadecampoliving.com\/wp-content\/uploads\/2012\/12\/fernando_varela3.jpg?fit=650%2C366&ssl=1&resize=350%2C200","width":350,"height":200,"srcset":"https:\/\/i0.wp.com\/casadecampoliving.com\/wp-content\/uploads\/2012\/12\/fernando_varela3.jpg?fit=650%2C366&ssl=1&resize=350%2C200 1x, https:\/\/i0.wp.com\/casadecampoliving.com\/wp-content\/uploads\/2012\/12\/fernando_varela3.jpg?fit=650%2C366&ssl=1&resize=525%2C300 1.5x"},"classes":[]},{"id":62561,"url":"https:\/\/casadecampoliving.com\/fernando-varela\/","url_meta":{"origin":62150,"position":2},"title":"Fernando Varela: Recent Works &#8211; Paintings\/Drawings","author":"Rebecca Silvestri","date":"17 Dic, 2012","format":false,"excerpt":"Fernando Varela: Recent Works \u2013 Paintings\/DrawingsOpen until February 28th, 2013Opening times:\u2022 Tuesday \u2013 Friday, 10am \u2013 6pm \u2022 Saturday, 10am \u2013 8pm \u2022 Sunday, 10am \u2013 6pm \u2022 Closed MondaysWhere:\u00a0Paseo del Mar #7, Marina Casa de Campo Contacts:\u00a0\u2022 Fernando:(809) 862-6133 \u2022 Rosario: (829) 343-5301 \u2022 Xiomara: (809) 486-1650 Fernando Varela,\u2026","rel":"","context":"Entrada similar","block_context":{"text":"Entrada similar","link":""},"img":{"alt_text":"fernando varela","src":"https:\/\/i0.wp.com\/casadecampoliving.com\/wp-content\/uploads\/2012\/12\/fernando_varela3.jpg?fit=650%2C366&ssl=1&resize=350%2C200","width":350,"height":200,"srcset":"https:\/\/i0.wp.com\/casadecampoliving.com\/wp-content\/uploads\/2012\/12\/fernando_varela3.jpg?fit=650%2C366&ssl=1&resize=350%2C200 1x, https:\/\/i0.wp.com\/casadecampoliving.com\/wp-content\/uploads\/2012\/12\/fernando_varela3.jpg?fit=650%2C366&ssl=1&resize=525%2C300 1.5x"},"classes":[]},{"id":61606,"url":"https:\/\/casadecampoliving.com\/es\/los-colores-de-la-danza-por-el-ballet-nacional-dominicano-sabado-15-de-diciembre\/","url_meta":{"origin":62150,"position":3},"title":"Los Colores de la Danza por el Ballet Nacional Dominicano: s\u00e1bado 15 de diciembre","author":"Rebecca Silvestri","date":"6 Dic, 2012","format":false,"excerpt":"El s\u00e1bado 15 de diciembre del 2012, Casa de Campo, Altos de Chav\u00f3n y el Ministerio de la Rep\u00fablica Dominicana de la Cultura te invitan a un espect\u00e1culo m\u00e1gico de ballet en el anfiteatro en Altos de Chav\u00f3n- \u201cLos colores de la Danza\u201d ballet realizado por el Ballet Nacional Dominicano.\u2026","rel":"","context":"Entrada similar","block_context":{"text":"Entrada similar","link":""},"img":{"alt_text":"ballet","src":"https:\/\/i0.wp.com\/casadecampoliving.com\/wp-content\/uploads\/2012\/12\/ballet.jpg?fit=650%2C373&ssl=1&resize=350%2C200","width":350,"height":200,"srcset":"https:\/\/i0.wp.com\/casadecampoliving.com\/wp-content\/uploads\/2012\/12\/ballet.jpg?fit=650%2C373&ssl=1&resize=350%2C200 1x, https:\/\/i0.wp.com\/casadecampoliving.com\/wp-content\/uploads\/2012\/12\/ballet.jpg?fit=650%2C373&ssl=1&resize=525%2C300 1.5x"},"classes":[]},{"id":82557,"url":"https:\/\/casadecampoliving.com\/es\/epoca-navidena-altos-de-chavon\/","url_meta":{"origin":62150,"position":4},"title":"Inauguraci\u00f3n de la \u00e9poca navide\u00f1a &#8211; dic. 13","author":"Rebecca Silvestri","date":"7 Dic, 2013","format":false,"excerpt":"Este viernes 13 de diciembre, marcar\u00e1 el inicio oficial de la temporada navide\u00f1a en Casa de Campo, una ocasi\u00f3n la cual ser\u00e1 celebrada en Altos de Chav\u00f3n con la primera aparici\u00f3n de Santa Claus, la ceremonia de encendida del \u00e1rbol navide\u00f1o y hasta un concierto. La celebraci\u00f3n comenzar\u00e1 con la\u2026","rel":"","context":"Entrada similar","block_context":{"text":"Entrada similar","link":""},"img":{"alt_text":"Holidays Altos de Chavon","src":"https:\/\/i0.wp.com\/casadecampoliving.com\/wp-content\/uploads\/2013\/12\/holidays_altos_de_chavon.jpg?fit=650%2C455&ssl=1&resize=350%2C200","width":350,"height":200,"srcset":"https:\/\/i0.wp.com\/casadecampoliving.com\/wp-content\/uploads\/2013\/12\/holidays_altos_de_chavon.jpg?fit=650%2C455&ssl=1&resize=350%2C200 1x, https:\/\/i0.wp.com\/casadecampoliving.com\/wp-content\/uploads\/2013\/12\/holidays_altos_de_chavon.jpg?fit=650%2C455&ssl=1&resize=525%2C300 1.5x"},"classes":[]},{"id":54420,"url":"https:\/\/casadecampoliving.com\/es\/agradables-momentos\/","url_meta":{"origin":62150,"position":5},"title":"Recordando buenos tiempos en Casa de Campo!","author":"Rebecca Silvestri","date":"19 Jul, 2012","format":false,"excerpt":"Durante los \u00faltimos meses, hemos tenido BUENOS momentos en c\u00f3cteles, eventos ben\u00e9ficos y deportivos \u2013 aqu\u00ed recapitulamos algunos de nuestros favoritos!\u00a0 Marat Legal inaugura oficina en La RomanaEl pasado viernes 15 de junio de 2012, Marat Legal, empresa con m\u00e1s de 30 a\u00f1os de experiencia en el mundo del derecho,\u2026","rel":"","context":"Entrada similar","block_context":{"text":"Entrada similar","link":""},"img":{"alt_text":"casa de campo polo","src":"https:\/\/i0.wp.com\/casadecampoliving.com\/wp-content\/uploads\/2012\/04\/casa_de_campo_polo2.jpg?fit=650%2C456&ssl=1&resize=350%2C200","width":350,"height":200,"srcset":"https:\/\/i0.wp.com\/casadecampoliving.com\/wp-content\/uploads\/2012\/04\/casa_de_campo_polo2.jpg?fit=650%2C456&ssl=1&resize=350%2C200 1x, https:\/\/i0.wp.com\/casadecampoliving.com\/wp-content\/uploads\/2012\/04\/casa_de_campo_polo2.jpg?fit=650%2C456&ssl=1&resize=525%2C300 1.5x"},"classes":[]}],"jetpack_sharing_enabled":true,"_links":{"self":[{"href":"https:\/\/casadecampoliving.com\/es\/wp-json\/wp\/v2\/pages\/62150","targetHints":{"allow":["GET"]}}],"collection":[{"href":"https:\/\/casadecampoliving.com\/es\/wp-json\/wp\/v2\/pages"}],"about":[{"href":"https:\/\/casadecampoliving.com\/es\/wp-json\/wp\/v2\/types\/page"}],"author":[{"embeddable":true,"href":"https:\/\/casadecampoliving.com\/es\/wp-json\/wp\/v2\/users\/31"}],"replies":[{"embeddable":true,"href":"https:\/\/casadecampoliving.com\/es\/wp-json\/wp\/v2\/comments?post=62150"}],"version-history":[{"count":0,"href":"https:\/\/casadecampoliving.com\/es\/wp-json\/wp\/v2\/pages\/62150\/revisions"}],"wp:featuredmedia":[{"embeddable":true,"href":"https:\/\/casadecampoliving.com\/es\/wp-json\/wp\/v2\/media\/62113"}],"wp:attachment":[{"href":"https:\/\/casadecampoliving.com\/es\/wp-json\/wp\/v2\/media?parent=62150"}],"wp:term":[{"taxonomy":"newspack_spnsrs_tax","embeddable":true,"href":"https:\/\/casadecampoliving.com\/es\/wp-json\/wp\/v2\/newspack_spnsrs_tax?post=62150"}],"curies":[{"name":"wp","href":"https:\/\/api.w.org\/{rel}","templated":true}]}}