{"id":59483,"date":"2012-10-18T10:39:00","date_gmt":"2012-10-18T14:39:00","guid":{"rendered":"http:\/\/casadecampoliving.com\/?page_id=59483"},"modified":"2022-10-21T17:40:16","modified_gmt":"2022-10-21T21:40:16","slug":"autopista-del-coral","status":"publish","type":"page","link":"https:\/\/casadecampoliving.com\/es\/autopista-del-coral\/","title":{"rendered":"La Autopista del Coral"},"content":{"rendered":"<div class=\"wp-block-image\">\n<figure class=\"aligncenter is-resized\"><img loading=\"lazy\" decoding=\"async\" src=\"https:\/\/i0.wp.com\/casadecampoliving-wp.s3-accelerate.amazonaws.com\/2012\/09\/autopista_del_coral1.jpg?resize=650%2C367&amp;ssl=1\" alt=\"autopista del coral\" class=\"wp-image-58376\" title=\"autopista_del_coral\" height=\"367\" width=\"650\" srcset=\"https:\/\/i0.wp.com\/casadecampoliving.com\/wp-content\/uploads\/2012\/09\/autopista_del_coral1.jpg?w=650&amp;ssl=1 650w, https:\/\/i0.wp.com\/casadecampoliving.com\/wp-content\/uploads\/2012\/09\/autopista_del_coral1.jpg?resize=300%2C169&amp;ssl=1 300w, https:\/\/i0.wp.com\/casadecampoliving-wp.s3-accelerate.amazonaws.com\/2012\/09\/autopista_del_coral1.jpg?w=370 370w, https:\/\/i0.wp.com\/casadecampoliving-wp.s3-accelerate.amazonaws.com\/2012\/09\/autopista_del_coral1.jpg?w=400 400w\" sizes=\"auto, (max-width: 650px) 100vw, 650px\" \/><\/figure>\n<\/div>\n\n\n<p>La Autopista del Coral entre La Romana y Punta Cana, <a href=\"https:\/\/casadecampoliving.com\/es\/2012\/08\/la-autopista-del-coral-entre-la-romana-y-punta-cana-ya-esta-abierta\/\">fue inaugurada oficialmente por el Ex Presidente Leonel Fern\u00e1ndez el pasado 8 de agosto, 2012<\/a>, haciendo m\u00e1s r\u00e1pido, seguro y eficiente, el viaje entre ambos destinos tur\u00edsticos.<\/p>\n\n\n\n<p>Como, posiblemente, una de las m\u00e1s importantes y beneficiosas labores realizadas en los \u00faltimos a\u00f1os, en la regi\u00f3n Este de la Rep\u00fablica Dominicana, aqu\u00ed les traemos un resumen de todo lo que necesita saber sobre esta maravillosa y nueva autopista que trajo nuevas atracciones al \u00e1rea, f\u00e1ciles de disfrutar a s\u00f3lo un paso de Casa de Campo.<\/p>\n\n\n\n<p><strong>\u2022 Puede entrar y salir de la nueva autopista en:<\/strong><\/p>\n\n\n\n<p>\u2013 La Romana<br>\n\u2013 Aeropuerto Internacional de La Romana<br>\n\u2013 La Estancia Golf Resort (se\u00f1alizada la salida como \u201cBoca de Chav\u00f3n\u201d)<br>\n\u2013 La entrada a Bayahibe \u2013 Dominicus<br>\n\u2013 Cerca de Hig\u00fcey<br>\n\u2013 Aeropuerto Internacional de Punta Cana<\/p>\n\n\n\n<p><strong>\u2022 Nuevos horarios de viaje! Los siguientes son un aproximado de tiempos de viaje desde la entrada principal de Casa de Campo:<br>\n<\/strong><\/p>\n\n\n\n<p>\u2013 Aeropuerto Internacional de La Romana: 6 mins<br>\n\u2022 Pueblo de pesca Bayahibe: 15 mins<br>\n\u2022 Pueblo y playa p\u00fablica Dominicus: 20 mins<br>\n\u2022 Aeropuerto International de Punta Cana: 45 mins<\/p>\n\n\n<div class=\"wp-block-image\">\n<figure class=\"aligncenter is-resized\"><img loading=\"lazy\" decoding=\"async\" src=\"https:\/\/i0.wp.com\/casadecampoliving-wp.s3-accelerate.amazonaws.com\/2012\/09\/autopista_del_coral.jpg?resize=650%2C457&amp;ssl=1\" alt=\"autopista del coral\" class=\"wp-image-58367\" title=\"autopista_del_coral\" height=\"457\" width=\"650\" srcset=\"https:\/\/i0.wp.com\/casadecampoliving.com\/wp-content\/uploads\/2012\/09\/autopista_del_coral.jpg?w=650&amp;ssl=1 650w, https:\/\/i0.wp.com\/casadecampoliving.com\/wp-content\/uploads\/2012\/09\/autopista_del_coral.jpg?resize=300%2C210&amp;ssl=1 300w, https:\/\/i0.wp.com\/casadecampoliving-wp.s3-accelerate.amazonaws.com\/2012\/09\/autopista_del_coral.jpg?w=370 370w, https:\/\/i0.wp.com\/casadecampoliving-wp.s3-accelerate.amazonaws.com\/2012\/09\/autopista_del_coral.jpg?w=400 400w\" sizes=\"auto, (max-width: 650px) 100vw, 650px\" \/><\/figure>\n<\/div>\n\n\n<p class=\"has-text-align-center\"><strong>La Autopista del Coral en Google Maps<\/strong><br>\n<\/p>\n\n\n\n<p><strong>\u2022 NO hay peajes en la Autopista del Coral.&nbsp;<\/strong><br>\nPoco tiempo despu\u00e9s de que fuera abierta la nueva autopista, el nuevo Presidente de la Rep\u00fablica Dominicana, Danilo Medina S\u00e1nchez, anunci\u00f3 que no exist\u00edan planes de poner un peaje en la autopista \u2013 con el prop\u00f3sito de impulsar el turismo en la regi\u00f3n Este.<\/p>\n\n\n\n<p><strong>\u2022 La Autopista del Coral:<\/strong><\/p>\n\n\n\n<p>\u2013 tiene cuatro v\u00edas de tr\u00e1nsito y est\u00e1 dise\u00f1ada para transitar a una velocidad m\u00e1xima de 110 km \/ h<br>\n\u2013 es de 70km, la cual transitada a 110 km \/ h tiene un tiempo de viaje de s\u00f3lo 24 minutos.<br>\n\u2013 tiene tres puentes que cruzan sobre los r\u00edos Chav\u00f3n, Santa Clara y el Duey.<\/p>\n\n\n\n<blockquote><p><strong>Puente sobre el r\u00edo Chav\u00f3n<\/strong><\/p><figure><img decoding=\"async\" loading=\"lazy\" class=\"aligncenter size-full wp-image-55985\" title=\"river_chavon_bridge\" src=\"https:\/\/i0.wp.com\/casadecampoliving-wp.s3-accelerate.amazonaws.com\/2012\/08\/river_chavon_bridge1.jpg?resize=620%2C465&amp;ssl=1\" alt=\"river chavon bridge\" width=\"620\" height=\"465\" srcset=\"https:\/\/i0.wp.com\/casadecampoliving.com\/wp-content\/uploads\/2012\/08\/river_chavon_bridge1.jpg?w=620&amp;ssl=1 620w, https:\/\/i0.wp.com\/casadecampoliving.com\/wp-content\/uploads\/2012\/08\/river_chavon_bridge1.jpg?resize=300%2C225&amp;ssl=1 300w\" sizes=\"auto, (max-width: 620px) 100vw, 620px\"><\/figure><p>Como uno de los componentes m\u00e1s ic\u00f3nicos e imponentes de la nueva Autopista del Coral, aqu\u00ed les ofrecemos unos cuantos datos interesantes sobre el puente del r\u00edo Chav\u00f3n:<\/p><p>\u2022 El puente mide 302 metros de largo y es construido en acero y cemento.<\/p><p>\u2022 El puente tiene cuatro carriles (2 en cada direcci\u00f3n), al igual que un camino para peatones en cada lado y uno central.<\/p><p>\u2022 El puente fue dise\u00f1ado y construido bajo el c\u00f3digo anti-s\u00edsmico de la Rep\u00fablica Dominicana \u2013 calculado para resistir los efectos de sismos.<\/p><\/blockquote>\n\n\n\n<blockquote><p><strong>Qu\u00e9 hay de la autov\u00eda de Santo Domingo?<br>\n<\/strong><\/p><p>De acuerdo a lo que entendemos, la Autopista del Coral es parte de un gran proyecto llamado \u201cCorredor Vial del Este\u201d, que eventualmente conectar\u00e1 la capital de la Rep\u00fablica Dominicana, Santo Domingo con el Aeropuerto Internacional de Punta Cana, una ruta de 181 km, que consiste en tres autopistas distintas:<\/p><p><strong>&nbsp;1. Autov\u00eda del Este<\/strong><br>\nEsta autov\u00eda de 97 km entre Santo Domingo y La Romana se encuentra en el proceso de grandes arreglos que iniciaron en los \u00faltimos a\u00f1os, incluyendo la apertura del nuevo puente del R\u00edo Soco.<\/p><p><strong>2. Circunvalaci\u00f3n&nbsp;La Romana<br>\n<\/strong>Esta autov\u00eda de 14 km desviar\u00e1 los veh\u00edculos hacia las afueras de La Romana, m\u00e1s que hacerles atravesar la ciudad \u2013 lo que har\u00e1 del viaje de Santo Domingo a Casa de Campo, Bayahibe, Higuey y Punta Cana mucho m\u00e1s rapido, y por supuesto, descongestionar\u00e1 el centro de La Romana. La fecha de apertura a\u00fan no ha sido anunciada, pero escuchamos que se espera est\u00e9 lista para octubre de 2012.<\/p><p><strong>3. Autopista del Coral<br>\n<\/strong>Una ruta de&nbsp; 70 km entre La Romana y Punta Cana que se inaugurar\u00e1 este mi\u00e9rcoles 8 de agosto.<\/p><p>Detalles del \u201cCorredor Vial del Este\u201d, pueden ser vistos en la imagen a continuaci\u00f3n:<\/p><figure><img decoding=\"async\" loading=\"lazy\" title=\"Autopista Coral\" src=\"https:\/\/i0.wp.com\/casadecampoliving-wp.s3-accelerate.amazonaws.com\/2012\/08\/Autopista-Coral.jpg?resize=585%2C435&amp;ssl=1\" alt=\"autopista coral\" width=\"585\" height=\"435\"><\/figure><\/blockquote>\n","protected":false},"excerpt":{"rendered":"<p>La Autopista del Coral entre La Romana y Punta Cana, fue inaugurada oficialmente por el Ex Presidente Leonel Fern\u00e1ndez el pasado 8 de agosto, 2012, haciendo m\u00e1s r\u00e1pido, seguro y eficiente, el viaje entre ambos destinos tur\u00edsticos. Como, posiblemente, una de las m\u00e1s importantes y beneficiosas labores realizadas en los \u00faltimos a\u00f1os, en la regi\u00f3n [&hellip;]<\/p>\n","protected":false},"author":31,"featured_media":58376,"parent":0,"menu_order":0,"comment_status":"closed","ping_status":"closed","template":"","meta":{"newspack_ads_suppress_ads":false,"newspack_popups_has_disabled_popups":false,"newspack_sponsor_sponsorship_scope":"","newspack_sponsor_native_byline_display":"inherit","newspack_sponsor_native_category_display":"inherit","newspack_sponsor_underwriter_style":"inherit","newspack_sponsor_underwriter_placement":"inherit","newspack_content_restriction_is_exempt":false,"newspack_featured_image_position":"","newspack_hide_page_title":false,"newspack_show_share_buttons":false,"footnotes":""},"newspack_spnsrs_tax":[],"class_list":["post-59483","page","type-page","status-publish","has-post-thumbnail","hentry","entry"],"yoast_head":"<!-- This site is optimized with the Yoast SEO plugin v27.4 - https:\/\/yoast.com\/product\/yoast-seo-wordpress\/ -->\n<title>La Autopista del Coral | Casa de Campo Living<\/title>\n<meta name=\"description\" content=\"La Autopista del Coral entre La Romana y Punta Cana, fue inaugurada oficialmente por el Ex Presidente Leonel Fern\u00e1ndez el pasado 8 de agosto, 2012,\" \/>\n<meta name=\"robots\" content=\"index, follow, max-snippet:-1, max-image-preview:large, max-video-preview:-1\" \/>\n<link rel=\"canonical\" href=\"https:\/\/casadecampoliving.com\/es\/autopista-del-coral\/\" \/>\n<meta property=\"og:locale\" content=\"es_ES\" \/>\n<meta property=\"og:type\" content=\"article\" \/>\n<meta property=\"og:title\" content=\"La Autopista del Coral | Casa de Campo Living\" \/>\n<meta property=\"og:description\" content=\"La Autopista del Coral entre La Romana y Punta Cana, fue inaugurada oficialmente por el Ex Presidente Leonel Fern\u00e1ndez el pasado 8 de agosto, 2012,\" \/>\n<meta property=\"og:url\" content=\"https:\/\/casadecampoliving.com\/es\/autopista-del-coral\/\" \/>\n<meta property=\"og:site_name\" content=\"Casa de Campo Living\" \/>\n<meta property=\"article:publisher\" content=\"https:\/\/www.facebook.com\/casadecampoliving\" \/>\n<meta property=\"article:modified_time\" content=\"2022-10-21T21:40:16+00:00\" \/>\n<meta property=\"og:image\" content=\"https:\/\/i0.wp.com\/casadecampoliving.com\/wp-content\/uploads\/2012\/09\/autopista_del_coral1.jpg?fit=650%2C367&ssl=1\" \/>\n\t<meta property=\"og:image:width\" content=\"650\" \/>\n\t<meta property=\"og:image:height\" content=\"367\" \/>\n\t<meta property=\"og:image:type\" content=\"image\/jpeg\" \/>\n<meta name=\"twitter:card\" content=\"summary_large_image\" \/>\n<meta name=\"twitter:site\" content=\"@cdcliving\" \/>\n<meta name=\"twitter:label1\" content=\"Tiempo de lectura\" \/>\n\t<meta name=\"twitter:data1\" content=\"3 minutos\" \/>\n<script type=\"application\/ld+json\" class=\"yoast-schema-graph\">{\"@context\":\"https:\\\/\\\/schema.org\",\"@graph\":[{\"@type\":\"WebPage\",\"@id\":\"https:\\\/\\\/casadecampoliving.com\\\/es\\\/autopista-del-coral\\\/\",\"url\":\"https:\\\/\\\/casadecampoliving.com\\\/es\\\/autopista-del-coral\\\/\",\"name\":\"La Autopista del Coral | Casa de Campo Living\",\"isPartOf\":{\"@id\":\"https:\\\/\\\/casadecampoliving.com\\\/es\\\/#website\"},\"primaryImageOfPage\":{\"@id\":\"https:\\\/\\\/casadecampoliving.com\\\/es\\\/autopista-del-coral\\\/#primaryimage\"},\"image\":{\"@id\":\"https:\\\/\\\/casadecampoliving.com\\\/es\\\/autopista-del-coral\\\/#primaryimage\"},\"thumbnailUrl\":\"https:\\\/\\\/i0.wp.com\\\/casadecampoliving.com\\\/wp-content\\\/uploads\\\/2012\\\/09\\\/autopista_del_coral1.jpg?fit=650%2C367&ssl=1\",\"datePublished\":\"2012-10-18T14:39:00+00:00\",\"dateModified\":\"2022-10-21T21:40:16+00:00\",\"description\":\"La Autopista del Coral entre La Romana y Punta Cana, fue inaugurada oficialmente por el Ex Presidente Leonel Fern\u00e1ndez el pasado 8 de agosto, 2012,\",\"breadcrumb\":{\"@id\":\"https:\\\/\\\/casadecampoliving.com\\\/es\\\/autopista-del-coral\\\/#breadcrumb\"},\"inLanguage\":\"es\",\"potentialAction\":[{\"@type\":\"ReadAction\",\"target\":[\"https:\\\/\\\/casadecampoliving.com\\\/es\\\/autopista-del-coral\\\/\"]}]},{\"@type\":\"ImageObject\",\"inLanguage\":\"es\",\"@id\":\"https:\\\/\\\/casadecampoliving.com\\\/es\\\/autopista-del-coral\\\/#primaryimage\",\"url\":\"https:\\\/\\\/i0.wp.com\\\/casadecampoliving.com\\\/wp-content\\\/uploads\\\/2012\\\/09\\\/autopista_del_coral1.jpg?fit=650%2C367&ssl=1\",\"contentUrl\":\"https:\\\/\\\/i0.wp.com\\\/casadecampoliving.com\\\/wp-content\\\/uploads\\\/2012\\\/09\\\/autopista_del_coral1.jpg?fit=650%2C367&ssl=1\",\"width\":\"650\",\"height\":\"367\",\"caption\":\"autopista del coral\"},{\"@type\":\"BreadcrumbList\",\"@id\":\"https:\\\/\\\/casadecampoliving.com\\\/es\\\/autopista-del-coral\\\/#breadcrumb\",\"itemListElement\":[{\"@type\":\"ListItem\",\"position\":1,\"name\":\"Home\",\"item\":\"https:\\\/\\\/casadecampoliving.com\\\/es\\\/\"},{\"@type\":\"ListItem\",\"position\":2,\"name\":\"La Autopista del Coral\"}]},{\"@type\":\"WebSite\",\"@id\":\"https:\\\/\\\/casadecampoliving.com\\\/es\\\/#website\",\"url\":\"https:\\\/\\\/casadecampoliving.com\\\/es\\\/\",\"name\":\"Casa de Campo Living\",\"description\":\"Resort community news and resources.\",\"publisher\":{\"@id\":\"https:\\\/\\\/casadecampoliving.com\\\/es\\\/#organization\"},\"potentialAction\":[{\"@type\":\"SearchAction\",\"target\":{\"@type\":\"EntryPoint\",\"urlTemplate\":\"https:\\\/\\\/casadecampoliving.com\\\/es\\\/?s={search_term_string}\"},\"query-input\":{\"@type\":\"PropertyValueSpecification\",\"valueRequired\":true,\"valueName\":\"search_term_string\"}}],\"inLanguage\":\"es\"},{\"@type\":\"Organization\",\"@id\":\"https:\\\/\\\/casadecampoliving.com\\\/es\\\/#organization\",\"name\":\"Casa de Campo Living\",\"url\":\"https:\\\/\\\/casadecampoliving.com\\\/es\\\/\",\"logo\":{\"@type\":\"ImageObject\",\"inLanguage\":\"es\",\"@id\":\"https:\\\/\\\/casadecampoliving.com\\\/es\\\/#\\\/schema\\\/logo\\\/image\\\/\",\"url\":\"https:\\\/\\\/i0.wp.com\\\/casadecampoliving.com\\\/wp-content\\\/uploads\\\/2022\\\/07\\\/CDCLivingLogo_V1-white-sized.png?fit=800%2C214&ssl=1\",\"contentUrl\":\"https:\\\/\\\/i0.wp.com\\\/casadecampoliving.com\\\/wp-content\\\/uploads\\\/2022\\\/07\\\/CDCLivingLogo_V1-white-sized.png?fit=800%2C214&ssl=1\",\"width\":800,\"height\":214,\"caption\":\"Casa de Campo Living\"},\"image\":{\"@id\":\"https:\\\/\\\/casadecampoliving.com\\\/es\\\/#\\\/schema\\\/logo\\\/image\\\/\"},\"sameAs\":[\"https:\\\/\\\/www.facebook.com\\\/casadecampoliving\",\"https:\\\/\\\/x.com\\\/cdcliving\"]}]}<\/script>\n<!-- \/ Yoast SEO plugin. -->","yoast_head_json":{"title":"La Autopista del Coral | Casa de Campo Living","description":"La Autopista del Coral entre La Romana y Punta Cana, fue inaugurada oficialmente por el Ex Presidente Leonel Fern\u00e1ndez el pasado 8 de agosto, 2012,","robots":{"index":"index","follow":"follow","max-snippet":"max-snippet:-1","max-image-preview":"max-image-preview:large","max-video-preview":"max-video-preview:-1"},"canonical":"https:\/\/casadecampoliving.com\/es\/autopista-del-coral\/","og_locale":"es_ES","og_type":"article","og_title":"La Autopista del Coral | Casa de Campo Living","og_description":"La Autopista del Coral entre La Romana y Punta Cana, fue inaugurada oficialmente por el Ex Presidente Leonel Fern\u00e1ndez el pasado 8 de agosto, 2012,","og_url":"https:\/\/casadecampoliving.com\/es\/autopista-del-coral\/","og_site_name":"Casa de Campo Living","article_publisher":"https:\/\/www.facebook.com\/casadecampoliving","article_modified_time":"2022-10-21T21:40:16+00:00","og_image":[{"width":650,"height":367,"url":"https:\/\/i0.wp.com\/casadecampoliving.com\/wp-content\/uploads\/2012\/09\/autopista_del_coral1.jpg?fit=650%2C367&ssl=1","type":"image\/jpeg"}],"twitter_card":"summary_large_image","twitter_site":"@cdcliving","twitter_misc":{"Tiempo de lectura":"3 minutos"},"schema":{"@context":"https:\/\/schema.org","@graph":[{"@type":"WebPage","@id":"https:\/\/casadecampoliving.com\/es\/autopista-del-coral\/","url":"https:\/\/casadecampoliving.com\/es\/autopista-del-coral\/","name":"La Autopista del Coral | Casa de Campo Living","isPartOf":{"@id":"https:\/\/casadecampoliving.com\/es\/#website"},"primaryImageOfPage":{"@id":"https:\/\/casadecampoliving.com\/es\/autopista-del-coral\/#primaryimage"},"image":{"@id":"https:\/\/casadecampoliving.com\/es\/autopista-del-coral\/#primaryimage"},"thumbnailUrl":"https:\/\/i0.wp.com\/casadecampoliving.com\/wp-content\/uploads\/2012\/09\/autopista_del_coral1.jpg?fit=650%2C367&ssl=1","datePublished":"2012-10-18T14:39:00+00:00","dateModified":"2022-10-21T21:40:16+00:00","description":"La Autopista del Coral entre La Romana y Punta Cana, fue inaugurada oficialmente por el Ex Presidente Leonel Fern\u00e1ndez el pasado 8 de agosto, 2012,","breadcrumb":{"@id":"https:\/\/casadecampoliving.com\/es\/autopista-del-coral\/#breadcrumb"},"inLanguage":"es","potentialAction":[{"@type":"ReadAction","target":["https:\/\/casadecampoliving.com\/es\/autopista-del-coral\/"]}]},{"@type":"ImageObject","inLanguage":"es","@id":"https:\/\/casadecampoliving.com\/es\/autopista-del-coral\/#primaryimage","url":"https:\/\/i0.wp.com\/casadecampoliving.com\/wp-content\/uploads\/2012\/09\/autopista_del_coral1.jpg?fit=650%2C367&ssl=1","contentUrl":"https:\/\/i0.wp.com\/casadecampoliving.com\/wp-content\/uploads\/2012\/09\/autopista_del_coral1.jpg?fit=650%2C367&ssl=1","width":"650","height":"367","caption":"autopista del coral"},{"@type":"BreadcrumbList","@id":"https:\/\/casadecampoliving.com\/es\/autopista-del-coral\/#breadcrumb","itemListElement":[{"@type":"ListItem","position":1,"name":"Home","item":"https:\/\/casadecampoliving.com\/es\/"},{"@type":"ListItem","position":2,"name":"La Autopista del Coral"}]},{"@type":"WebSite","@id":"https:\/\/casadecampoliving.com\/es\/#website","url":"https:\/\/casadecampoliving.com\/es\/","name":"Casa de Campo Living","description":"Resort community news and resources.","publisher":{"@id":"https:\/\/casadecampoliving.com\/es\/#organization"},"potentialAction":[{"@type":"SearchAction","target":{"@type":"EntryPoint","urlTemplate":"https:\/\/casadecampoliving.com\/es\/?s={search_term_string}"},"query-input":{"@type":"PropertyValueSpecification","valueRequired":true,"valueName":"search_term_string"}}],"inLanguage":"es"},{"@type":"Organization","@id":"https:\/\/casadecampoliving.com\/es\/#organization","name":"Casa de Campo Living","url":"https:\/\/casadecampoliving.com\/es\/","logo":{"@type":"ImageObject","inLanguage":"es","@id":"https:\/\/casadecampoliving.com\/es\/#\/schema\/logo\/image\/","url":"https:\/\/i0.wp.com\/casadecampoliving.com\/wp-content\/uploads\/2022\/07\/CDCLivingLogo_V1-white-sized.png?fit=800%2C214&ssl=1","contentUrl":"https:\/\/i0.wp.com\/casadecampoliving.com\/wp-content\/uploads\/2022\/07\/CDCLivingLogo_V1-white-sized.png?fit=800%2C214&ssl=1","width":800,"height":214,"caption":"Casa de Campo Living"},"image":{"@id":"https:\/\/casadecampoliving.com\/es\/#\/schema\/logo\/image\/"},"sameAs":["https:\/\/www.facebook.com\/casadecampoliving","https:\/\/x.com\/cdcliving"]}]}},"parsely":{"version":"1.1.0","canonical_url":"https:\/\/casadecampoliving.com\/es\/autopista-del-coral\/","smart_links":{"inbound":0,"outbound":0},"traffic_boost_suggestions_count":0,"meta":{"@context":"https:\/\/schema.org","@type":"WebPage","headline":"La Autopista del Coral","url":"http:\/\/casadecampoliving.com\/es\/autopista-del-coral\/","mainEntityOfPage":{"@type":"WebPage","@id":"http:\/\/casadecampoliving.com\/es\/autopista-del-coral\/"},"thumbnailUrl":"https:\/\/i0.wp.com\/casadecampoliving.com\/wp-content\/uploads\/2012\/09\/autopista_del_coral1.jpg?resize=150%2C150&ssl=1","image":{"@type":"ImageObject","url":"https:\/\/i0.wp.com\/casadecampoliving.com\/wp-content\/uploads\/2012\/09\/autopista_del_coral1.jpg?fit=650%2C367&ssl=1"},"articleSection":"Uncategorized @es","author":[{"@type":"Person","name":"Rebecca Silvestri"}],"creator":["Rebecca Silvestri"],"publisher":{"@type":"Organization","name":"Casa de Campo Living","logo":"https:\/\/casadecampoliving.com\/wp-content\/uploads\/2022\/07\/CDCLivingLogo_V1-white-sized.png"},"keywords":[],"dateCreated":"2012-10-18T14:39:00Z","datePublished":"2012-10-18T14:39:00Z","dateModified":"2022-10-21T21:40:16Z"},"rendered":"<script type=\"application\/ld+json\" class=\"wp-parsely-metadata\">{\"@context\":\"https:\\\/\\\/schema.org\",\"@type\":\"WebPage\",\"headline\":\"La Autopista del Coral\",\"url\":\"http:\\\/\\\/casadecampoliving.com\\\/es\\\/autopista-del-coral\\\/\",\"mainEntityOfPage\":{\"@type\":\"WebPage\",\"@id\":\"http:\\\/\\\/casadecampoliving.com\\\/es\\\/autopista-del-coral\\\/\"},\"thumbnailUrl\":\"https:\\\/\\\/i0.wp.com\\\/casadecampoliving.com\\\/wp-content\\\/uploads\\\/2012\\\/09\\\/autopista_del_coral1.jpg?resize=150%2C150&ssl=1\",\"image\":{\"@type\":\"ImageObject\",\"url\":\"https:\\\/\\\/i0.wp.com\\\/casadecampoliving.com\\\/wp-content\\\/uploads\\\/2012\\\/09\\\/autopista_del_coral1.jpg?fit=650%2C367&ssl=1\"},\"articleSection\":\"Uncategorized @es\",\"author\":[{\"@type\":\"Person\",\"name\":\"Rebecca Silvestri\"}],\"creator\":[\"Rebecca Silvestri\"],\"publisher\":{\"@type\":\"Organization\",\"name\":\"Casa de Campo Living\",\"logo\":\"https:\\\/\\\/casadecampoliving.com\\\/wp-content\\\/uploads\\\/2022\\\/07\\\/CDCLivingLogo_V1-white-sized.png\"},\"keywords\":[],\"dateCreated\":\"2012-10-18T14:39:00Z\",\"datePublished\":\"2012-10-18T14:39:00Z\",\"dateModified\":\"2022-10-21T21:40:16Z\"}<\/script>","tracker_url":"https:\/\/cdn.parsely.com\/keys\/casadecampoliving.com\/p.js"},"jetpack-related-posts":[{"id":59479,"url":"https:\/\/casadecampoliving.com\/highway\/","url_meta":{"origin":59483,"position":0},"title":"\u201cAutopista del Coral\u201d Highway","author":"Rebecca Silvestri","date":"18 Oct, 2012","format":false,"excerpt":"The \u201cAutopista del Coral\u201d highway between La Romana and Punta Cana was officially inaugurated and opened by former President\u00a0Dr. Leonel Fern\u00e1ndez on August 8th, 2012, making travel between the 2 tourist destinations much faster, efficient and safer. And so as quiet possible one of the most important and beneficially things\u2026","rel":"","context":"Entrada similar","block_context":{"text":"Entrada similar","link":""},"img":{"alt_text":"autopista del coral","src":"https:\/\/i0.wp.com\/casadecampoliving.com\/wp-content\/uploads\/2012\/09\/autopista_del_coral1.jpg?fit=650%2C367&ssl=1&resize=350%2C200","width":350,"height":200,"srcset":"https:\/\/i0.wp.com\/casadecampoliving.com\/wp-content\/uploads\/2012\/09\/autopista_del_coral1.jpg?fit=650%2C367&ssl=1&resize=350%2C200 1x, https:\/\/i0.wp.com\/casadecampoliving.com\/wp-content\/uploads\/2012\/09\/autopista_del_coral1.jpg?fit=650%2C367&ssl=1&resize=525%2C300 1.5x"},"classes":[]},{"id":59474,"url":"https:\/\/casadecampoliving.com\/es\/la-flor-dominicana\/","url_meta":{"origin":59483,"position":1},"title":"La Flor Dominicana","author":"Rebecca Silvestri","date":"18 Oct, 2012","format":false,"excerpt":"La Flor Dominicana fue dundada en 1994 en Santiago, Republica Dominicana, bajo la direcci\u00f3n de Litto e In\u00e9s G\u00f3mez y con el paso de los a\u00f1os, Litto ha desarrollado un portafolio de mezclas innovadoras, formas y tama\u00f1os que satisfacen las cambiantes necesidades de los consumidores de cigarros. Tour \u201cLa Flor\u2026","rel":"","context":"Entrada similar","block_context":{"text":"Entrada similar","link":""},"img":{"alt_text":"flor dominicana factory tour","src":"https:\/\/i0.wp.com\/casadecampoliving.com\/wp-content\/uploads\/2012\/09\/flor_dominicana_factory_tour1.jpg?fit=630%2C416&ssl=1&resize=350%2C200","width":350,"height":200,"srcset":"https:\/\/i0.wp.com\/casadecampoliving.com\/wp-content\/uploads\/2012\/09\/flor_dominicana_factory_tour1.jpg?fit=630%2C416&ssl=1&resize=350%2C200 1x, https:\/\/i0.wp.com\/casadecampoliving.com\/wp-content\/uploads\/2012\/09\/flor_dominicana_factory_tour1.jpg?fit=630%2C416&ssl=1&resize=525%2C300 1.5x"},"classes":[]},{"id":36721,"url":"https:\/\/casadecampoliving.com\/es\/cartelera\/","url_meta":{"origin":59483,"position":2},"title":"Cartelera","author":"Rebecca Silvestri","date":"22 Abr, 2009","format":false,"excerpt":"[movieshowing] \u00bfA d\u00f3nde ir? Caribbean Cinemas, Marina Casa de Campo Este cine est\u00e1 convenientemente ubicado en el Coconut Mall de la Marina Casa de Campo es absolutamente fant\u00e1stico, limpio y muy divertido para it a ver pel\u00edculas. Los sillones en sus 3 salas son muy c\u00f3modos y su\u00a0estilo stadium proporcionan\u2026","rel":"","context":"En \u00abCine @es\u00bb","block_context":{"text":"Cine @es","link":"https:\/\/casadecampoliving.com\/es\/category\/cine-3\/"},"img":{"alt_text":"","src":"https:\/\/i0.wp.com\/casadecampoliving.com\/wp-content\/uploads\/2009\/04\/marina_casa_de_campo_cinema.jpg?fit=565%2C239&ssl=1&resize=350%2C200","width":350,"height":200,"srcset":"https:\/\/i0.wp.com\/casadecampoliving.com\/wp-content\/uploads\/2009\/04\/marina_casa_de_campo_cinema.jpg?fit=565%2C239&ssl=1&resize=350%2C200 1x, https:\/\/i0.wp.com\/casadecampoliving.com\/wp-content\/uploads\/2009\/04\/marina_casa_de_campo_cinema.jpg?fit=565%2C239&ssl=1&resize=525%2C300 1.5x"},"classes":[]},{"id":79836,"url":"https:\/\/casadecampoliving.com\/es\/juegos-los-toros\/","url_meta":{"origin":59483,"position":3},"title":"Los juegos de Los Toros en el Estadio Francisco A. Micheli","author":"Rebecca Silvestri","date":"21 Oct, 2013","format":false,"excerpt":"Los Toros jugar\u00e1n cinco partidos con cada equipo, en un trayecto que comienza el 20 de octubre y termina el 22 de Diciembre. Todos los juegos en el Estadio Francisco A. Micheli (La Romana) Domingo 20\/10\/2013 Estrellas Vs. Toros 5:00PM Mi\u00e9rcoles 23\/10\/2013 Gigantes Vs. Toros 7:30PM Domingo 27\/10\/2013 Licey Vs.\u2026","rel":"","context":"Entrada similar","block_context":{"text":"Entrada similar","link":""},"img":{"alt_text":"Los Toros del Este","src":"https:\/\/i0.wp.com\/casadecampoliving.com\/wp-content\/uploads\/2013\/10\/Los_toros_del_este.jpg?fit=650%2C433&ssl=1&resize=350%2C200","width":350,"height":200,"srcset":"https:\/\/i0.wp.com\/casadecampoliving.com\/wp-content\/uploads\/2013\/10\/Los_toros_del_este.jpg?fit=650%2C433&ssl=1&resize=350%2C200 1x, https:\/\/i0.wp.com\/casadecampoliving.com\/wp-content\/uploads\/2013\/10\/Los_toros_del_este.jpg?fit=650%2C433&ssl=1&resize=525%2C300 1.5x"},"classes":[]},{"id":59469,"url":"https:\/\/casadecampoliving.com\/flor-dominicana\/","url_meta":{"origin":59483,"position":4},"title":"La Flor Dominicana Factory Tour","author":"Rebecca Silvestri","date":"18 Oct, 2012","format":false,"excerpt":"La Flor Dominicana was founded in 1994 in Santiago, Dominican Republic under\u00a0the direction of Litto and Ines Gomez and over the years Litto has developed a portfolio of innovative quality blends, shapes and\u00a0sizes which fulfill the ever-changing needs of today\u2019s cigar smokers. \u201cLa Flor Dominicana\u201d\u00a0factory tour At the all new\u2026","rel":"","context":"Entrada similar","block_context":{"text":"Entrada similar","link":""},"img":{"alt_text":"flor dominicana factory tour","src":"https:\/\/i0.wp.com\/casadecampoliving.com\/wp-content\/uploads\/2012\/09\/flor_dominicana_factory_tour1.jpg?fit=630%2C416&ssl=1&resize=350%2C200","width":350,"height":200,"srcset":"https:\/\/i0.wp.com\/casadecampoliving.com\/wp-content\/uploads\/2012\/09\/flor_dominicana_factory_tour1.jpg?fit=630%2C416&ssl=1&resize=350%2C200 1x, https:\/\/i0.wp.com\/casadecampoliving.com\/wp-content\/uploads\/2012\/09\/flor_dominicana_factory_tour1.jpg?fit=630%2C416&ssl=1&resize=525%2C300 1.5x"},"classes":[]},{"id":61222,"url":"https:\/\/casadecampoliving.com\/es\/jr-co\/","url_meta":{"origin":59483,"position":5},"title":"JR &#038; Co.","author":"","date":"4 Dic, 2012","format":false,"excerpt":"Un ambiente \u00fanico por JR & Co.\u00a0 JR & Co.\u00a0 Piezas \u00danicas, Ambientes Extraordinarios Alquileres para eventos \u201cJR & Co. Piezas \u00danicas, Ambientes Extraordinarios\u201d, es una oferta fresca e innovadora. Se trata de una \u201ctienda\u201d de alquileres, con un concepto que va m\u00e1s all\u00e1 de los est\u00e1ndares de \u00e9sta industria.\u2026","rel":"","context":"Entrada similar","block_context":{"text":"Entrada similar","link":""},"img":{"alt_text":"jr co","src":"https:\/\/i0.wp.com\/casadecampoliving.com\/wp-content\/uploads\/2012\/11\/jr_co2.jpg?fit=650%2C375&ssl=1&resize=350%2C200","width":350,"height":200,"srcset":"https:\/\/i0.wp.com\/casadecampoliving.com\/wp-content\/uploads\/2012\/11\/jr_co2.jpg?fit=650%2C375&ssl=1&resize=350%2C200 1x, https:\/\/i0.wp.com\/casadecampoliving.com\/wp-content\/uploads\/2012\/11\/jr_co2.jpg?fit=650%2C375&ssl=1&resize=525%2C300 1.5x"},"classes":[]}],"jetpack_sharing_enabled":true,"_links":{"self":[{"href":"https:\/\/casadecampoliving.com\/es\/wp-json\/wp\/v2\/pages\/59483","targetHints":{"allow":["GET"]}}],"collection":[{"href":"https:\/\/casadecampoliving.com\/es\/wp-json\/wp\/v2\/pages"}],"about":[{"href":"https:\/\/casadecampoliving.com\/es\/wp-json\/wp\/v2\/types\/page"}],"author":[{"embeddable":true,"href":"https:\/\/casadecampoliving.com\/es\/wp-json\/wp\/v2\/users\/31"}],"replies":[{"embeddable":true,"href":"https:\/\/casadecampoliving.com\/es\/wp-json\/wp\/v2\/comments?post=59483"}],"version-history":[{"count":0,"href":"https:\/\/casadecampoliving.com\/es\/wp-json\/wp\/v2\/pages\/59483\/revisions"}],"wp:featuredmedia":[{"embeddable":true,"href":"https:\/\/casadecampoliving.com\/es\/wp-json\/wp\/v2\/media\/58376"}],"wp:attachment":[{"href":"https:\/\/casadecampoliving.com\/es\/wp-json\/wp\/v2\/media?parent=59483"}],"wp:term":[{"taxonomy":"newspack_spnsrs_tax","embeddable":true,"href":"https:\/\/casadecampoliving.com\/es\/wp-json\/wp\/v2\/newspack_spnsrs_tax?post=59483"}],"curies":[{"name":"wp","href":"https:\/\/api.w.org\/{rel}","templated":true}]}}