{"id":41733,"date":"2011-12-29T16:23:52","date_gmt":"2011-12-29T20:23:52","guid":{"rendered":"http:\/\/casadecampoliving.com\/?page_id=41733"},"modified":"2022-10-21T17:23:24","modified_gmt":"2022-10-21T21:23:24","slug":"feria-barlovento-2012","status":"publish","type":"page","link":"https:\/\/casadecampoliving.com\/es\/feria-barlovento-2012\/","title":{"rendered":"Feria Barlovento 2012"},"content":{"rendered":"<div class=\"wp-block-image\">\n<figure class=\"aligncenter is-resized\"><img loading=\"lazy\" decoding=\"async\" src=\"https:\/\/i0.wp.com\/casadecampoliving-wp.s3-accelerate.amazonaws.com\/2011\/12\/article-header-es-feriabarlovento2012.jpg?resize=650%2C400&amp;ssl=1\" alt=\"feria barlovento marina casa de campo\" class=\"wp-image-41380\" title=\"article-header-es-feriabarlovento2012\" height=\"400\" width=\"650\" srcset=\"https:\/\/i0.wp.com\/casadecampoliving.com\/wp-content\/uploads\/2011\/12\/article-header-es-feriabarlovento2012.jpg?w=650&amp;ssl=1 650w, https:\/\/i0.wp.com\/casadecampoliving.com\/wp-content\/uploads\/2011\/12\/article-header-es-feriabarlovento2012.jpg?resize=300%2C184&amp;ssl=1 300w, https:\/\/i0.wp.com\/casadecampoliving-wp.s3-accelerate.amazonaws.com\/2011\/12\/article-header-es-feriabarlovento2012.jpg?w=370 370w, https:\/\/i0.wp.com\/casadecampoliving-wp.s3-accelerate.amazonaws.com\/2011\/12\/article-header-es-feriabarlovento2012.jpg?w=400 400w\" sizes=\"auto, (max-width: 650px) 100vw, 650px\" \/><\/figure>\n<\/div>\n\n\n<p>El <strong>s\u00e1bado 7 de enero,&nbsp;<\/strong>Casa de Campo Living y La Marina Casa de Campo organizar\u00e1n el tercer evento anual, Feria Barlovento, un \u201cfestival veneciano\u201d que unir\u00e1 a los residentes e invitados de Casa de Campo en una m\u00e1gica velada \u201cenmascarada\u201d, compras, m\u00fasica, entretenimiento, entre otras actividades!<\/p>\n\n\n\n<!--more-->\n\n\n\n<p>Este a\u00f1o la Feria Barlovento, en su tercera edici\u00f3n, ser\u00e1 m\u00e1s grande, m\u00e1s divertida y mejorada con la inclusi\u00f3n de bailes venecianos, concurso de disfraces, juegos para los ni\u00f1os, m\u00fasica, bailes, y por supuesto, muchas compras en La Marina Casa de Campo en las distintas tiendas y boutiques como lo son Carmen Sol New York, Rubi-Luna, Elementos, Art Arena, Bleu Marine, Dedon, Jenny Polanco, Bill Everett y Azzuro!<\/p>\n\n\n\n<blockquote class=\"wp-block-quote is-layout-flow wp-block-quote-is-layout-flow\"><p><span style=\"text-decoration: underline;\"><strong>La 3ra Feria Barlovento!<\/strong><\/span><\/p><p><strong>Cu\u00e1ndo?<\/strong> S\u00e1bado 7 de enero<\/p><p><strong>Hora?<\/strong>&nbsp;6PM \u2013 11PM<\/p><p><strong>D\u00f3nde?<\/strong> Calle Barlovento en La Marina Casa de Campo<\/p><p><strong>Vestimenta:&nbsp;<\/strong>M\u00e1scaras, plumas, brillo.. \u2013 mientras m\u00e1s glamoroso y llamativo, mejor!<\/p><\/blockquote>\n","protected":false},"excerpt":{"rendered":"<p>El s\u00e1bado 7 de enero,&nbsp;Casa de Campo Living y La Marina Casa de Campo organizar\u00e1n el tercer evento anual, Feria Barlovento, un \u201cfestival veneciano\u201d que unir\u00e1 a los residentes e invitados de Casa de Campo en una m\u00e1gica velada \u201cenmascarada\u201d, compras, m\u00fasica, entretenimiento, entre otras actividades!<\/p>\n","protected":false},"author":31,"featured_media":41380,"parent":0,"menu_order":0,"comment_status":"closed","ping_status":"closed","template":"barlovento.php","meta":{"newspack_ads_suppress_ads":false,"newspack_popups_has_disabled_popups":false,"newspack_sponsor_sponsorship_scope":"","newspack_sponsor_native_byline_display":"inherit","newspack_sponsor_native_category_display":"inherit","newspack_sponsor_underwriter_style":"inherit","newspack_sponsor_underwriter_placement":"inherit","newspack_content_restriction_is_exempt":false,"newspack_featured_image_position":"","newspack_hide_page_title":false,"newspack_show_share_buttons":false,"footnotes":""},"newspack_spnsrs_tax":[],"class_list":["post-41733","page","type-page","status-publish","has-post-thumbnail","hentry","entry"],"yoast_head":"<!-- This site is optimized with the Yoast SEO plugin v27.2 - https:\/\/yoast.com\/product\/yoast-seo-wordpress\/ -->\n<title>Feria Barlovento 2012 | Casa de Campo Living<\/title>\n<meta name=\"description\" content=\"El s\u00e1bado 7 de enero,&nbsp;Casa de Campo Living y La Marina Casa de Campo organizar\u00e1n el tercer evento anual, Feria Barlovento, un \u201cfestival veneciano\u201d\" \/>\n<meta name=\"robots\" content=\"index, follow, max-snippet:-1, max-image-preview:large, max-video-preview:-1\" \/>\n<link rel=\"canonical\" href=\"https:\/\/casadecampoliving.com\/es\/feria-barlovento-2012\/\" \/>\n<meta property=\"og:locale\" content=\"es_ES\" \/>\n<meta property=\"og:type\" content=\"article\" \/>\n<meta property=\"og:title\" content=\"Feria Barlovento 2012 | Casa de Campo Living\" \/>\n<meta property=\"og:description\" content=\"El s\u00e1bado 7 de enero,&nbsp;Casa de Campo Living y La Marina Casa de Campo organizar\u00e1n el tercer evento anual, Feria Barlovento, un \u201cfestival veneciano\u201d\" \/>\n<meta property=\"og:url\" content=\"https:\/\/casadecampoliving.com\/es\/feria-barlovento-2012\/\" \/>\n<meta property=\"og:site_name\" content=\"Casa de Campo Living\" \/>\n<meta property=\"article:publisher\" content=\"https:\/\/www.facebook.com\/casadecampoliving\" \/>\n<meta property=\"article:modified_time\" content=\"2022-10-21T21:23:24+00:00\" \/>\n<meta property=\"og:image\" content=\"https:\/\/i0.wp.com\/casadecampoliving.com\/wp-content\/uploads\/2011\/12\/article-header-es-feriabarlovento2012.jpg?fit=650%2C400&ssl=1\" \/>\n\t<meta property=\"og:image:width\" content=\"650\" \/>\n\t<meta property=\"og:image:height\" content=\"400\" \/>\n\t<meta property=\"og:image:type\" content=\"image\/jpeg\" \/>\n<meta name=\"twitter:card\" content=\"summary_large_image\" \/>\n<meta name=\"twitter:site\" content=\"@cdcliving\" \/>\n<meta name=\"twitter:label1\" content=\"Tiempo de lectura\" \/>\n\t<meta name=\"twitter:data1\" content=\"1 minuto\" \/>\n<script type=\"application\/ld+json\" class=\"yoast-schema-graph\">{\"@context\":\"https:\/\/schema.org\",\"@graph\":[{\"@type\":\"WebPage\",\"@id\":\"https:\/\/casadecampoliving.com\/es\/feria-barlovento-2012\/\",\"url\":\"https:\/\/casadecampoliving.com\/es\/feria-barlovento-2012\/\",\"name\":\"Feria Barlovento 2012 | Casa de Campo Living\",\"isPartOf\":{\"@id\":\"https:\/\/casadecampoliving.com\/es\/#website\"},\"primaryImageOfPage\":{\"@id\":\"https:\/\/casadecampoliving.com\/es\/feria-barlovento-2012\/#primaryimage\"},\"image\":{\"@id\":\"https:\/\/casadecampoliving.com\/es\/feria-barlovento-2012\/#primaryimage\"},\"thumbnailUrl\":\"https:\/\/i0.wp.com\/casadecampoliving.com\/wp-content\/uploads\/2011\/12\/article-header-es-feriabarlovento2012.jpg?fit=650%2C400&ssl=1\",\"datePublished\":\"2011-12-29T20:23:52+00:00\",\"dateModified\":\"2022-10-21T21:23:24+00:00\",\"description\":\"El s\u00e1bado 7 de enero,&nbsp;Casa de Campo Living y La Marina Casa de Campo organizar\u00e1n el tercer evento anual, Feria Barlovento, un \u201cfestival veneciano\u201d\",\"breadcrumb\":{\"@id\":\"https:\/\/casadecampoliving.com\/es\/feria-barlovento-2012\/#breadcrumb\"},\"inLanguage\":\"es\",\"potentialAction\":[{\"@type\":\"ReadAction\",\"target\":[\"https:\/\/casadecampoliving.com\/es\/feria-barlovento-2012\/\"]}]},{\"@type\":\"ImageObject\",\"inLanguage\":\"es\",\"@id\":\"https:\/\/casadecampoliving.com\/es\/feria-barlovento-2012\/#primaryimage\",\"url\":\"https:\/\/i0.wp.com\/casadecampoliving.com\/wp-content\/uploads\/2011\/12\/article-header-es-feriabarlovento2012.jpg?fit=650%2C400&ssl=1\",\"contentUrl\":\"https:\/\/i0.wp.com\/casadecampoliving.com\/wp-content\/uploads\/2011\/12\/article-header-es-feriabarlovento2012.jpg?fit=650%2C400&ssl=1\",\"width\":\"650\",\"height\":\"400\",\"caption\":\"feria barlovento marina casa de campo\"},{\"@type\":\"BreadcrumbList\",\"@id\":\"https:\/\/casadecampoliving.com\/es\/feria-barlovento-2012\/#breadcrumb\",\"itemListElement\":[{\"@type\":\"ListItem\",\"position\":1,\"name\":\"Home\",\"item\":\"https:\/\/casadecampoliving.com\/es\/\"},{\"@type\":\"ListItem\",\"position\":2,\"name\":\"Feria Barlovento 2012\"}]},{\"@type\":\"WebSite\",\"@id\":\"https:\/\/casadecampoliving.com\/es\/#website\",\"url\":\"https:\/\/casadecampoliving.com\/es\/\",\"name\":\"Casa de Campo Living\",\"description\":\"Resort community news and resources.\",\"publisher\":{\"@id\":\"https:\/\/casadecampoliving.com\/es\/#organization\"},\"potentialAction\":[{\"@type\":\"SearchAction\",\"target\":{\"@type\":\"EntryPoint\",\"urlTemplate\":\"https:\/\/casadecampoliving.com\/es\/?s={search_term_string}\"},\"query-input\":{\"@type\":\"PropertyValueSpecification\",\"valueRequired\":true,\"valueName\":\"search_term_string\"}}],\"inLanguage\":\"es\"},{\"@type\":\"Organization\",\"@id\":\"https:\/\/casadecampoliving.com\/es\/#organization\",\"name\":\"Casa de Campo Living\",\"url\":\"https:\/\/casadecampoliving.com\/es\/\",\"logo\":{\"@type\":\"ImageObject\",\"inLanguage\":\"es\",\"@id\":\"https:\/\/casadecampoliving.com\/es\/#\/schema\/logo\/image\/\",\"url\":\"https:\/\/i0.wp.com\/casadecampoliving.com\/wp-content\/uploads\/2022\/07\/CDCLivingLogo_V1-white-sized.png?fit=800%2C214&ssl=1\",\"contentUrl\":\"https:\/\/i0.wp.com\/casadecampoliving.com\/wp-content\/uploads\/2022\/07\/CDCLivingLogo_V1-white-sized.png?fit=800%2C214&ssl=1\",\"width\":800,\"height\":214,\"caption\":\"Casa de Campo Living\"},\"image\":{\"@id\":\"https:\/\/casadecampoliving.com\/es\/#\/schema\/logo\/image\/\"},\"sameAs\":[\"https:\/\/www.facebook.com\/casadecampoliving\",\"https:\/\/x.com\/cdcliving\"]}]}<\/script>\n<!-- \/ Yoast SEO plugin. -->","yoast_head_json":{"title":"Feria Barlovento 2012 | Casa de Campo Living","description":"El s\u00e1bado 7 de enero,&nbsp;Casa de Campo Living y La Marina Casa de Campo organizar\u00e1n el tercer evento anual, Feria Barlovento, un \u201cfestival veneciano\u201d","robots":{"index":"index","follow":"follow","max-snippet":"max-snippet:-1","max-image-preview":"max-image-preview:large","max-video-preview":"max-video-preview:-1"},"canonical":"https:\/\/casadecampoliving.com\/es\/feria-barlovento-2012\/","og_locale":"es_ES","og_type":"article","og_title":"Feria Barlovento 2012 | Casa de Campo Living","og_description":"El s\u00e1bado 7 de enero,&nbsp;Casa de Campo Living y La Marina Casa de Campo organizar\u00e1n el tercer evento anual, Feria Barlovento, un \u201cfestival veneciano\u201d","og_url":"https:\/\/casadecampoliving.com\/es\/feria-barlovento-2012\/","og_site_name":"Casa de Campo Living","article_publisher":"https:\/\/www.facebook.com\/casadecampoliving","article_modified_time":"2022-10-21T21:23:24+00:00","og_image":[{"width":650,"height":400,"url":"https:\/\/i0.wp.com\/casadecampoliving.com\/wp-content\/uploads\/2011\/12\/article-header-es-feriabarlovento2012.jpg?fit=650%2C400&ssl=1","type":"image\/jpeg"}],"twitter_card":"summary_large_image","twitter_site":"@cdcliving","twitter_misc":{"Tiempo de lectura":"1 minuto"},"schema":{"@context":"https:\/\/schema.org","@graph":[{"@type":"WebPage","@id":"https:\/\/casadecampoliving.com\/es\/feria-barlovento-2012\/","url":"https:\/\/casadecampoliving.com\/es\/feria-barlovento-2012\/","name":"Feria Barlovento 2012 | Casa de Campo Living","isPartOf":{"@id":"https:\/\/casadecampoliving.com\/es\/#website"},"primaryImageOfPage":{"@id":"https:\/\/casadecampoliving.com\/es\/feria-barlovento-2012\/#primaryimage"},"image":{"@id":"https:\/\/casadecampoliving.com\/es\/feria-barlovento-2012\/#primaryimage"},"thumbnailUrl":"https:\/\/i0.wp.com\/casadecampoliving.com\/wp-content\/uploads\/2011\/12\/article-header-es-feriabarlovento2012.jpg?fit=650%2C400&ssl=1","datePublished":"2011-12-29T20:23:52+00:00","dateModified":"2022-10-21T21:23:24+00:00","description":"El s\u00e1bado 7 de enero,&nbsp;Casa de Campo Living y La Marina Casa de Campo organizar\u00e1n el tercer evento anual, Feria Barlovento, un \u201cfestival veneciano\u201d","breadcrumb":{"@id":"https:\/\/casadecampoliving.com\/es\/feria-barlovento-2012\/#breadcrumb"},"inLanguage":"es","potentialAction":[{"@type":"ReadAction","target":["https:\/\/casadecampoliving.com\/es\/feria-barlovento-2012\/"]}]},{"@type":"ImageObject","inLanguage":"es","@id":"https:\/\/casadecampoliving.com\/es\/feria-barlovento-2012\/#primaryimage","url":"https:\/\/i0.wp.com\/casadecampoliving.com\/wp-content\/uploads\/2011\/12\/article-header-es-feriabarlovento2012.jpg?fit=650%2C400&ssl=1","contentUrl":"https:\/\/i0.wp.com\/casadecampoliving.com\/wp-content\/uploads\/2011\/12\/article-header-es-feriabarlovento2012.jpg?fit=650%2C400&ssl=1","width":"650","height":"400","caption":"feria barlovento marina casa de campo"},{"@type":"BreadcrumbList","@id":"https:\/\/casadecampoliving.com\/es\/feria-barlovento-2012\/#breadcrumb","itemListElement":[{"@type":"ListItem","position":1,"name":"Home","item":"https:\/\/casadecampoliving.com\/es\/"},{"@type":"ListItem","position":2,"name":"Feria Barlovento 2012"}]},{"@type":"WebSite","@id":"https:\/\/casadecampoliving.com\/es\/#website","url":"https:\/\/casadecampoliving.com\/es\/","name":"Casa de Campo Living","description":"Resort community news and resources.","publisher":{"@id":"https:\/\/casadecampoliving.com\/es\/#organization"},"potentialAction":[{"@type":"SearchAction","target":{"@type":"EntryPoint","urlTemplate":"https:\/\/casadecampoliving.com\/es\/?s={search_term_string}"},"query-input":{"@type":"PropertyValueSpecification","valueRequired":true,"valueName":"search_term_string"}}],"inLanguage":"es"},{"@type":"Organization","@id":"https:\/\/casadecampoliving.com\/es\/#organization","name":"Casa de Campo Living","url":"https:\/\/casadecampoliving.com\/es\/","logo":{"@type":"ImageObject","inLanguage":"es","@id":"https:\/\/casadecampoliving.com\/es\/#\/schema\/logo\/image\/","url":"https:\/\/i0.wp.com\/casadecampoliving.com\/wp-content\/uploads\/2022\/07\/CDCLivingLogo_V1-white-sized.png?fit=800%2C214&ssl=1","contentUrl":"https:\/\/i0.wp.com\/casadecampoliving.com\/wp-content\/uploads\/2022\/07\/CDCLivingLogo_V1-white-sized.png?fit=800%2C214&ssl=1","width":800,"height":214,"caption":"Casa de Campo Living"},"image":{"@id":"https:\/\/casadecampoliving.com\/es\/#\/schema\/logo\/image\/"},"sameAs":["https:\/\/www.facebook.com\/casadecampoliving","https:\/\/x.com\/cdcliving"]}]}},"parsely":{"version":"1.1.0","canonical_url":"https:\/\/casadecampoliving.com\/es\/feria-barlovento-2012\/","smart_links":{"inbound":0,"outbound":0},"traffic_boost_suggestions_count":0,"meta":{"@context":"https:\/\/schema.org","@type":"WebPage","headline":"Feria Barlovento 2012","url":"http:\/\/casadecampoliving.com\/es\/feria-barlovento-2012\/","mainEntityOfPage":{"@type":"WebPage","@id":"http:\/\/casadecampoliving.com\/es\/feria-barlovento-2012\/"},"thumbnailUrl":"https:\/\/i0.wp.com\/casadecampoliving.com\/wp-content\/uploads\/2011\/12\/article-header-es-feriabarlovento2012.jpg?resize=150%2C150&ssl=1","image":{"@type":"ImageObject","url":"https:\/\/i0.wp.com\/casadecampoliving.com\/wp-content\/uploads\/2011\/12\/article-header-es-feriabarlovento2012.jpg?fit=650%2C400&ssl=1"},"articleSection":"Uncategorized @es","author":[{"@type":"Person","name":"Rebecca Silvestri"}],"creator":["Rebecca Silvestri"],"publisher":{"@type":"Organization","name":"Casa de Campo Living","logo":"https:\/\/casadecampoliving.com\/wp-content\/uploads\/2022\/07\/CDCLivingLogo_V1-white-sized.png"},"keywords":[],"dateCreated":"2011-12-29T20:23:52Z","datePublished":"2011-12-29T20:23:52Z","dateModified":"2022-10-21T21:23:24Z"},"rendered":"<script type=\"application\/ld+json\" class=\"wp-parsely-metadata\">{\"@context\":\"https:\\\/\\\/schema.org\",\"@type\":\"WebPage\",\"headline\":\"Feria Barlovento 2012\",\"url\":\"http:\\\/\\\/casadecampoliving.com\\\/es\\\/feria-barlovento-2012\\\/\",\"mainEntityOfPage\":{\"@type\":\"WebPage\",\"@id\":\"http:\\\/\\\/casadecampoliving.com\\\/es\\\/feria-barlovento-2012\\\/\"},\"thumbnailUrl\":\"https:\\\/\\\/i0.wp.com\\\/casadecampoliving.com\\\/wp-content\\\/uploads\\\/2011\\\/12\\\/article-header-es-feriabarlovento2012.jpg?resize=150%2C150&ssl=1\",\"image\":{\"@type\":\"ImageObject\",\"url\":\"https:\\\/\\\/i0.wp.com\\\/casadecampoliving.com\\\/wp-content\\\/uploads\\\/2011\\\/12\\\/article-header-es-feriabarlovento2012.jpg?fit=650%2C400&ssl=1\"},\"articleSection\":\"Uncategorized @es\",\"author\":[{\"@type\":\"Person\",\"name\":\"Rebecca Silvestri\"}],\"creator\":[\"Rebecca Silvestri\"],\"publisher\":{\"@type\":\"Organization\",\"name\":\"Casa de Campo Living\",\"logo\":\"https:\\\/\\\/casadecampoliving.com\\\/wp-content\\\/uploads\\\/2022\\\/07\\\/CDCLivingLogo_V1-white-sized.png\"},\"keywords\":[],\"dateCreated\":\"2011-12-29T20:23:52Z\",\"datePublished\":\"2011-12-29T20:23:52Z\",\"dateModified\":\"2022-10-21T21:23:24Z\"}<\/script>","tracker_url":"https:\/\/cdn.parsely.com\/keys\/casadecampoliving.com\/p.js"},"jetpack-related-posts":[{"id":41720,"url":"https:\/\/casadecampoliving.com\/feria-barlovento-2012\/","url_meta":{"origin":41733,"position":0},"title":"Feria Barlovento 2012","author":"Ms. K","date":"29 Dic, 2011","format":false,"excerpt":"On Saturday the 7th of January, Casa de Campo Living and the Marina Casa de Campo will host the 3rd Annual Feria Barlovento, a \u201cVenetian Festival\u201d, which will bring together Casa de Campo guests and residents to enjoy a magical evening of \u2018masquerade\u2019 shopping, music, entertainment and so much more.\u2026","rel":"","context":"Entrada similar","block_context":{"text":"Entrada similar","link":""},"img":{"alt_text":"feria barlovento marina casa de campo","src":"https:\/\/i0.wp.com\/casadecampoliving.com\/wp-content\/uploads\/2011\/12\/article-header-en-feriabarlovento2012.jpg?resize=350%2C200&ssl=1","width":350,"height":200,"srcset":"https:\/\/i0.wp.com\/casadecampoliving.com\/wp-content\/uploads\/2011\/12\/article-header-en-feriabarlovento2012.jpg?resize=350%2C200&ssl=1 1x, https:\/\/i0.wp.com\/casadecampoliving.com\/wp-content\/uploads\/2011\/12\/article-header-en-feriabarlovento2012.jpg?resize=525%2C300&ssl=1 1.5x"},"classes":[]},{"id":36332,"url":"https:\/\/casadecampoliving.com\/es\/duenos-2011-2\/feria-duenos-2011-2\/","url_meta":{"origin":41733,"position":1},"title":"Feria Due\u00f1os 2011","author":"Rebecca Silvestri","date":"3 Nov, 2011","format":false,"excerpt":"Este a\u00f1o nuestra segunda anual FERIA DUE\u00d1OS tendr\u00e1 lugar el domingo 6 de Noviembre, el d\u00eda\u00a0despu\u00e9s\u00a0del gran evento anual de Due\u00f1os, organizado por Costasur Dominicana y Casa de Campo. La Feria Due\u00f1os 2011, ser\u00e1 mejor y m\u00e1s grande de nunca antes\u2026.porque adem\u00e1s del shopping, habr\u00e1 varios\u00a0entretenimientos\u2026\u2026para todo la familia! Feria\u2026","rel":"","context":"Entrada similar","block_context":{"text":"Entrada similar","link":""},"img":{"alt_text":"feria duenos","src":"https:\/\/i0.wp.com\/casadecampoliving.com\/wp-content\/uploads\/2011\/11\/Feria_Duenos_altos_de_chavon1.jpg?fit=565%2C370&ssl=1&resize=350%2C200","width":350,"height":200,"srcset":"https:\/\/i0.wp.com\/casadecampoliving.com\/wp-content\/uploads\/2011\/11\/Feria_Duenos_altos_de_chavon1.jpg?fit=565%2C370&ssl=1&resize=350%2C200 1x, https:\/\/i0.wp.com\/casadecampoliving.com\/wp-content\/uploads\/2011\/11\/Feria_Duenos_altos_de_chavon1.jpg?fit=565%2C370&ssl=1&resize=525%2C300 1.5x"},"classes":[]},{"id":36319,"url":"https:\/\/casadecampoliving.com\/es\/duenos-2011-2\/","url_meta":{"origin":41733,"position":2},"title":"Due\u00f1os 2011","author":"Rebecca Silvestri","date":"3 Nov, 2011","format":false,"excerpt":"\u201cDue\u00f1os\u201d, el evento anual organizado por Costasur y Casa de Campo es un gran ocasi\u00f3n, cuando los due\u00f1os de villas de Casa de Campo son invitados a disfrutar de las facilidades deportivas de Casa de Campo y una cena bailable. Este a\u00f1o la fiesta Due\u00f1os tendr\u00e1 lugar el s\u00e1bado 5\u2026","rel":"","context":"Entrada similar","block_context":{"text":"Entrada similar","link":""},"img":{"alt_text":"duenos casa de campo","src":"https:\/\/i0.wp.com\/casadecampoliving.com\/wp-content\/uploads\/2011\/10\/duenos_casa_de_campo1.jpg?resize=350%2C200&ssl=1","width":350,"height":200,"srcset":"https:\/\/i0.wp.com\/casadecampoliving.com\/wp-content\/uploads\/2011\/10\/duenos_casa_de_campo1.jpg?resize=350%2C200&ssl=1 1x, https:\/\/i0.wp.com\/casadecampoliving.com\/wp-content\/uploads\/2011\/10\/duenos_casa_de_campo1.jpg?resize=525%2C300&ssl=1 1.5x"},"classes":[]},{"id":54296,"url":"https:\/\/casadecampoliving.com\/es\/jenny-polanco\/","url_meta":{"origin":41733,"position":3},"title":"Jenny Polanco, dise\u00f1adora dominicana","author":"","date":"18 Jul, 2012","format":false,"excerpt":"Para los fashionistas y amantes de las compras en Casa de Campo, los fabulosos dise\u00f1os, carteras y joyas de Jenny Polanco, ofrecen la mezcla perfecta de lo \u201cCaribe\u00f1o chic\u201d y pueden ser hallados en sus tiendas en la Marina Casa de Campo, Altos de Chav\u00f3n\u00a0y\u00a0Santo Domingo (ver debajo los detalles).\u2026","rel":"","context":"Entrada similar","block_context":{"text":"Entrada similar","link":""},"img":{"alt_text":"jenny polanco","src":"https:\/\/i0.wp.com\/casadecampoliving.com\/wp-content\/uploads\/2012\/07\/jenny_polanco7.jpg?fit=650%2C327&ssl=1&resize=350%2C200","width":350,"height":200,"srcset":"https:\/\/i0.wp.com\/casadecampoliving.com\/wp-content\/uploads\/2012\/07\/jenny_polanco7.jpg?fit=650%2C327&ssl=1&resize=350%2C200 1x, https:\/\/i0.wp.com\/casadecampoliving.com\/wp-content\/uploads\/2012\/07\/jenny_polanco7.jpg?fit=650%2C327&ssl=1&resize=525%2C300 1.5x"},"classes":[]},{"id":41527,"url":"https:\/\/casadecampoliving.com\/es\/bares-y-restaurantes\/","url_meta":{"origin":41733,"position":4},"title":"Bares y restaurantes","author":"","date":"27 Dic, 2011","format":false,"excerpt":"\u00a0Altos de Chav\u00f3nGINO IN TRASTEVERE \u2022 Exquisita comida italiana \u2022 pizza \u2022 pasta \u2022 mariscos \u2022 carnes \u2022 Plaza Altos de Chav\u00f3n, Casa de Campo Tel:\u00a0809-523-1825 Horario: 12pm \u2013 11:30pm: viernes \u2013 lunes 5pm \u2013 11:30pm: martes y jueves Cerrado mi\u00e9rcoles Haga click aqu\u00ed para m\u00e1s info!\u00a0LA PIAZZETA \u2022 comida\u2026","rel":"","context":"Entrada similar","block_context":{"text":"Entrada similar","link":""},"img":{"alt_text":"","src":"","width":0,"height":0},"classes":[]},{"id":69942,"url":"https:\/\/casadecampoliving.com\/es\/festival-de-primavera\/","url_meta":{"origin":41733,"position":5},"title":"Festival de Primavera: Mayo 23 &#8211; 26","author":"Rebecca Silvestri","date":"9 May, 2013","format":false,"excerpt":"Del 23 al 26 de mayo de 2013, Altos de Chav\u00f3n cobrar\u00e1 vida con una celebraci\u00f3n m\u00e1gica, el \u201cFestival de Primavera 2013\u201d, una melod\u00eda maravillosa del teatro dominicano, la m\u00fasica y la danza como una actuaci\u00f3n de la Orquesta Sinf\u00f3nica Nacional dirigida por el gran Maestro Jos\u00e9 Antonio Molina. El\u2026","rel":"","context":"Entrada similar","block_context":{"text":"Entrada similar","link":""},"img":{"alt_text":"festival primavera","src":"https:\/\/i0.wp.com\/casadecampoliving.com\/wp-content\/uploads\/2013\/04\/festival_primavera.jpg?fit=715%2C320&ssl=1&resize=350%2C200","width":350,"height":200,"srcset":"https:\/\/i0.wp.com\/casadecampoliving.com\/wp-content\/uploads\/2013\/04\/festival_primavera.jpg?fit=715%2C320&ssl=1&resize=350%2C200 1x, https:\/\/i0.wp.com\/casadecampoliving.com\/wp-content\/uploads\/2013\/04\/festival_primavera.jpg?fit=715%2C320&ssl=1&resize=525%2C300 1.5x, https:\/\/i0.wp.com\/casadecampoliving.com\/wp-content\/uploads\/2013\/04\/festival_primavera.jpg?fit=715%2C320&ssl=1&resize=700%2C400 2x"},"classes":[]}],"jetpack_sharing_enabled":true,"_links":{"self":[{"href":"https:\/\/casadecampoliving.com\/es\/wp-json\/wp\/v2\/pages\/41733","targetHints":{"allow":["GET"]}}],"collection":[{"href":"https:\/\/casadecampoliving.com\/es\/wp-json\/wp\/v2\/pages"}],"about":[{"href":"https:\/\/casadecampoliving.com\/es\/wp-json\/wp\/v2\/types\/page"}],"author":[{"embeddable":true,"href":"https:\/\/casadecampoliving.com\/es\/wp-json\/wp\/v2\/users\/31"}],"replies":[{"embeddable":true,"href":"https:\/\/casadecampoliving.com\/es\/wp-json\/wp\/v2\/comments?post=41733"}],"version-history":[{"count":0,"href":"https:\/\/casadecampoliving.com\/es\/wp-json\/wp\/v2\/pages\/41733\/revisions"}],"wp:featuredmedia":[{"embeddable":true,"href":"https:\/\/casadecampoliving.com\/es\/wp-json\/wp\/v2\/media\/41380"}],"wp:attachment":[{"href":"https:\/\/casadecampoliving.com\/es\/wp-json\/wp\/v2\/media?parent=41733"}],"wp:term":[{"taxonomy":"newspack_spnsrs_tax","embeddable":true,"href":"https:\/\/casadecampoliving.com\/es\/wp-json\/wp\/v2\/newspack_spnsrs_tax?post=41733"}],"curies":[{"name":"wp","href":"https:\/\/api.w.org\/{rel}","templated":true}]}}